{"id":266,"date":"2024-10-26T16:06:11","date_gmt":"2024-10-26T16:06:11","guid":{"rendered":"https:\/\/ezsoulcare.com\/?page_id=266"},"modified":"2026-07-25T17:22:59","modified_gmt":"2026-07-25T17:22:59","slug":"tratamientos-faciales","status":"publish","type":"page","link":"https:\/\/ezsoulcare.com\/ca\/tratamientos-faciales\/","title":{"rendered":"Tractaments corporals"},"content":{"rendered":"<p>[et_pb_section fb_built=\u00bb1&#8243; admin_label=\u00bbHeader\u00bb _builder_version=\u00bb4.27.5&#8243; _module_preset=\u00bbdefault\u00bb background_enable_color=\u00bboff\u00bb use_background_color_gradient=\u00bbon\u00bb background_color_gradient_type=\u00bbelliptical\u00bb background_color_gradient_direction_radial=\u00bbright\u00bb background_color_gradient_stops=\u00bbrgba(10,9,9,0.55) 0%|rgba(255,255,255,0) 99%\u00bb background_color_gradient_overlays_image=\u00bbon\u00bb background_image=\u00bbhttps:\/\/ezsoulcare.com\/wp-content\/uploads\/2024\/11\/faciales.png\u00bb background_position=\u00bbtop_right\u00bb background_vertical_offset=\u00bb16%\u00bb transform_scale_tablet=\u00bb\u00bb transform_scale_phone=\u00bb\u00bb transform_scale_last_edited=\u00bbon|phone\u00bb transform_translate_tablet=\u00bb\u00bb transform_translate_phone=\u00bb\u00bb transform_translate_last_edited=\u00bbon|desktop\u00bb transform_rotate_tablet=\u00bb\u00bb transform_rotate_phone=\u00bb\u00bb transform_rotate_last_edited=\u00bbon|desktop\u00bb transform_skew_tablet=\u00bb\u00bb transform_skew_phone=\u00bb\u00bb transform_skew_last_edited=\u00bbon|desktop\u00bb transform_origin_tablet=\u00bb\u00bb transform_origin_phone=\u00bb\u00bb transform_origin_last_edited=\u00bbon|desktop\u00bb custom_padding=\u00bb12vw||12vw||true|false\u00bb background_last_edited=\u00bboff|desktop\u00bb use_background_color_gradient_tablet=\u00bbon\u00bb use_background_color_gradient_phone=\u00bbon\u00bb background_color_gradient_repeat_phone=\u00bboff\u00bb background_color_gradient_type_phone=\u00bbelliptical\u00bb background_color_gradient_direction_radial_phone=\u00bbcenter\u00bb background_color_gradient_stops_tablet=\u00bbgcid-1f519274-0a72-45d8-8578-e31fbdc93f8d 30%|rgba(243,239,229,0.4) 100%\u00bb background_color_gradient_stops_phone=\u00bbgcid-1f519274-0a72-45d8-8578-e31fbdc93f8d 0%|rgba(243,239,229,0.4) 99%\u00bb background_color_gradient_overlays_image_phone=\u00bboff\u00bb parallax_phone=\u00bboff\u00bb background_size_phone=\u00bbinitial\u00bb background_position_phone=\u00bbcenter_right\u00bb background_horizontal_offset_phone=\u00bb37%\u00bb background_enable_pattern_style_phone=\u00bboff\u00bb background_enable_mask_style_phone=\u00bboff\u00bb background_mask_aspect_ratio_phone=\u00bblandscape\u00bb collapsed=\u00bboff\u00bb global_colors_info=\u00bb{%22gcid-1f519274-0a72-45d8-8578-e31fbdc93f8d%22:%91%22background_color_gradient_stops%22%93,%22gcid-904649ba-8489-45ef-bc4d-794bd4d0fcba%22:%91%22background_color_gradient_stops%22%93}\u00bb][et_pb_row _builder_version=\u00bb4.20.0&#8243; _module_preset=\u00bbdefault\u00bb custom_padding=\u00bb||8px|||\u00bb global_colors_info=\u00bb{}\u00bb][et_pb_column type=\u00bb4_4&#8243; _builder_version=\u00bb4.20.0&#8243; _module_preset=\u00bbdefault\u00bb global_colors_info=\u00bb{}\u00bb][et_pb_text _builder_version=\u00bb4.27.5&#8243; _module_preset=\u00bb7ac874a8-b725-4b5a-b512-4cd101e568e5&#8243; text_font=\u00bbFrank Ruhl Libre|600|||||||\u00bb text_text_color=\u00bb#E02B20&#8243; text_font_size=\u00bb100px\u00bb text_orientation=\u00bbcenter\u00bb custom_margin=\u00bb-2px||9px|||\u00bb custom_padding=\u00bb5px|||3px||\u00bb global_colors_info=\u00bb{}\u00bb]<\/p>\n<h1><span style=\"color: #ffffff;\">Tratamientos Faciales<\/span><\/h1>\n<p>[\/et_pb_text][et_pb_text _builder_version=\u00bb4.27.5&#8243; _module_preset=\u00bbe2449dfe-c841-4bf6-bcc1-2f5083a2ae2b\u00bb text_orientation=\u00bbcenter\u00bb max_width=\u00bb920px\u00bb module_alignment=\u00bbcenter\u00bb custom_padding=\u00bb||0px|||\u00bb global_colors_info=\u00bb{}\u00bb]<\/p>\n<p><span style=\"color: #fff7f7;\">En Eva M\u00e1rquez Soulcare cuidamos tu piel con tratamientos faciales personalizados con efectos visibles desde el primer d\u00eda.<\/span><\/p>\n<p>[\/et_pb_text][\/et_pb_column][\/et_pb_row][et_pb_row _builder_version=\u00bb4.27.5&#8243; _module_preset=\u00bbdefault\u00bb custom_padding=\u00bb0px||||false|false\u00bb global_colors_info=\u00bb{}\u00bb][et_pb_column type=\u00bb4_4&#8243; _builder_version=\u00bb4.27.2&#8243; _module_preset=\u00bbdefault\u00bb global_colors_info=\u00bb{}\u00bb][et_pb_button button_url=\u00bbhttps:\/\/wa.me\/34873452150?text=Hola%20Eva%2C%20quiero%20reservar%20el%20tratamiento%20Higiene%20Facial%20con%20Esp%C3%A1tula%20Ultras%C3%B3nica\u00bb button_text=\u00bbreserva tu experiencia\u00bb button_alignment=\u00bbcenter\u00bb _builder_version=\u00bb4.27.4&#8243; _module_preset=\u00bb77cccd81-f1f1-4c7f-a2bd-2466ce14544a\u00bb button_text_color=\u00bb#FFFFFF\u00bb button_border_width=\u00bb2px\u00bb button_border_color=\u00bb#FFFFFF\u00bb button_border_radius=\u00bb25px\u00bb button_font=\u00bbABeeZee||||||||\u00bb button_icon=\u00bb&#x24;||divi||400&#8243; button_icon_color=\u00bb#FFFFFF\u00bb custom_margin=\u00bb50px|||||\u00bb button_text_size_tablet=\u00bb\u00bb button_text_size_phone=\u00bb12px\u00bb button_text_size_last_edited=\u00bbon|phone\u00bb box_shadow_style=\u00bbpreset1&#8243; box_shadow_horizontal=\u00bb-2px\u00bb box_shadow_vertical=\u00bb1px\u00bb box_shadow_blur=\u00bb9px\u00bb box_shadow_spread=\u00bb1px\u00bb box_shadow_color=\u00bb#FFFFFF\u00bb global_colors_info=\u00bb{%22gcid-593669bf-7b77-45f1-89ce-cfe13309ccf8%22:%91%22button_text_color%22%93}\u00bb][\/et_pb_button][\/et_pb_column][\/et_pb_row][\/et_pb_section][et_pb_section fb_built=\u00bb1&#8243; admin_label=\u00bbService\u00bb _builder_version=\u00bb4.27.4&#8243; _module_preset=\u00bbdefault\u00bb background_color=\u00bbgcid-904649ba-8489-45ef-bc4d-794bd4d0fcba\u00bb custom_margin=\u00bb3px|||||\u00bb custom_padding=\u00bb16px|||||\u00bb locked=\u00bboff\u00bb collapsed=\u00bbon\u00bb global_colors_info=\u00bb{%22gcid-904649ba-8489-45ef-bc4d-794bd4d0fcba%22:%91%22background_color%22%93}\u00bb][et_pb_row _builder_version=\u00bb4.27.4&#8243; _module_preset=\u00bbdefault\u00bb global_colors_info=\u00bb{}\u00bb][et_pb_column type=\u00bb4_4&#8243; _builder_version=\u00bb4.27.2&#8243; _module_preset=\u00bbdefault\u00bb global_colors_info=\u00bb{}\u00bb][et_pb_text _builder_version=\u00bb4.27.4&#8243; _module_preset=\u00bbb82df13d-c183-44b6-b197-1e9b1215f124&#8243; header_2_font=\u00bb|600|||||||\u00bb header_2_font_size=\u00bb45px\u00bb width=\u00bb100%\u00bb custom_margin=\u00bb||0px|||\u00bb custom_padding=\u00bb||0px|||\u00bb header_2_font_size_tablet=\u00bb45px\u00bb header_2_font_size_phone=\u00bb41px\u00bb header_2_font_size_last_edited=\u00bbon|phone\u00bb locked=\u00bboff\u00bb global_colors_info=\u00bb{}\u00bb]<\/p>\n<h2>Nuestros tratamientos faciales m\u00e1s demandados<\/h2>\n<p>[\/et_pb_text][\/et_pb_column][\/et_pb_row][et_pb_row use_custom_gutter=\u00bbon\u00bb gutter_width=\u00bb2&#8243; make_equal=\u00bbon\u00bb disabled_on=\u00bboff|off|off\u00bb _builder_version=\u00bb4.27.4&#8243; _module_preset=\u00bbdefault\u00bb background_color=\u00bbgcid-904649ba-8489-45ef-bc4d-794bd4d0fcba\u00bb z_index=\u00bb9&#8243; custom_margin=\u00bb5px|auto|30px|auto||\u00bb custom_padding=\u00bb3px||3px||true|false\u00bb custom_css_free_form=\u00bb.selector .et_pb_column {||  margin-right: 10px;||}\u00bb border_width_all=\u00bb1px\u00bb border_color_all=\u00bbRGBA(255,255,255,0)\u00bb global_colors_info=\u00bb{%22gcid-904649ba-8489-45ef-bc4d-794bd4d0fcba%22:%91%22background_color%22%93}\u00bb][et_pb_column type=\u00bb4_4&#8243; admin_label=\u00bbColumna\u00bb _builder_version=\u00bb4.27.4&#8243; _module_preset=\u00bbdefault\u00bb background_color=\u00bbrgba(0,0,0,0.5)\u00bb background_image=\u00bbhttps:\/\/ezsoulcare.com\/wp-content\/uploads\/2025\/03\/17-ESPATULA-ULTRASONICA-scaled-e1743276721612.jpeg\u00bb background_blend=\u00bboverlay\u00bb z_index=\u00bb500&#8243; custom_padding=\u00bb60px|30px|60px|30px|true|true\u00bb custom_padding_tablet=\u00bb30px|30px|30px|30px|true|true\u00bb custom_padding_phone=\u00bb20px|20px|20px|20px|true|true\u00bb custom_padding_last_edited=\u00bbon|tablet\u00bb border_color_all=\u00bbRGBA(255,255,255,0)\u00bb border_width_right=\u00bb1px\u00bb border_width_left=\u00bb1px\u00bb box_shadow_style=\u00bbpreset2&#8243; global_colors_info=\u00bb{}\u00bb][et_pb_text _builder_version=\u00bb4.27.4&#8243; _module_preset=\u00bbdefault\u00bb custom_padding=\u00bb0px||226px||false|false\u00bb global_colors_info=\u00bb{}\u00bb][\/et_pb_text][et_pb_text quote_border_color=\u00bb#FFFFFF\u00bb _builder_version=\u00bb4.27.4&#8243; _module_preset=\u00bb0c7afd43-5c5d-40a0-a04d-6f0567c7c67d\u00bb text_text_color=\u00bb#FFFFFF\u00bb link_text_color=\u00bb#FFFFFF\u00bb ul_text_color=\u00bb#FFFFFF\u00bb quote_text_color=\u00bb#FFFFFF\u00bb header_text_color=\u00bb#FFFFFF\u00bb custom_margin=\u00bb||8px|||\u00bb header_2_font_size_phone=\u00bb40px\u00bb global_colors_info=\u00bb{}\u00bb]<\/p>\n<h2 style=\"text-align: left;\"><span style=\"color: #ffffff;\">Higiene Facial Eva M\u00e1rquez<\/span><\/h2>\n<p>[\/et_pb_text][et_pb_text _builder_version=\u00bb4.27.4&#8243; _module_preset=\u00bbdefault\u00bb text_font_size=\u00bb20px\u00bb text_line_height=\u00bb1.5em\u00bb ul_text_align=\u00bbleft\u00bb text_font_size_tablet=\u00bb20px\u00bb text_font_size_phone=\u00bb12px\u00bb text_font_size_last_edited=\u00bbon|phone\u00bb text_orientation_phone=\u00bbleft\u00bb text_orientation_last_edited=\u00bboff|phone\u00bb global_colors_info=\u00bb{}\u00bb]<\/p>\n<p style=\"text-align: left;\"><span style=\"color: #ffffff;\">Tratamiento que consiste en realizar una profunda limpieza de la piel mediante una extracci\u00f3n con esp\u00e1tula ultras\u00f3nica, una oxigenaci\u00f3n de vapor de ozono y un masaje relajante, finalizando con una mascarilla regeneradora aplicada con nebulizador. Esta higiene facial es ideal para regenerar, iluminar y rejuvenecer la piel obteniendo resultados visibles desde la primera sesi\u00f3n.<\/span><\/p>\n<p>[\/et_pb_text][et_pb_button button_url=\u00bbhttps:\/\/wa.me\/34873452150?text=Hola%20Eva%2C%20quiero%20reservar%20el%20tratamiento%20Higiene%20Facial%20con%20Esp%C3%A1tula%20Ultras%C3%B3nica\u00bb button_text=\u00bbreserva tu experiencia\u00bb button_alignment=\u00bbcenter\u00bb _builder_version=\u00bb4.27.4&#8243; _module_preset=\u00bb77cccd81-f1f1-4c7f-a2bd-2466ce14544a\u00bb button_text_color=\u00bb#FFFFFF\u00bb button_border_width=\u00bb2px\u00bb button_border_color=\u00bb#FFFFFF\u00bb button_border_radius=\u00bb25px\u00bb button_font=\u00bbABeeZee||||||||\u00bb button_icon=\u00bb&#x24;||divi||400&#8243; button_icon_color=\u00bb#FFFFFF\u00bb button_text_size_tablet=\u00bb\u00bb button_text_size_phone=\u00bb13px\u00bb button_text_size_last_edited=\u00bbon|phone\u00bb box_shadow_style=\u00bbpreset1&#8243; box_shadow_horizontal=\u00bb-2px\u00bb box_shadow_vertical=\u00bb1px\u00bb box_shadow_blur=\u00bb9px\u00bb box_shadow_spread=\u00bb1px\u00bb box_shadow_color=\u00bb#FFFFFF\u00bb global_colors_info=\u00bb{%22gcid-593669bf-7b77-45f1-89ce-cfe13309ccf8%22:%91%22button_text_color%22%93}\u00bb][\/et_pb_button][\/et_pb_column][\/et_pb_row][et_pb_row use_custom_gutter=\u00bbon\u00bb gutter_width=\u00bb2&#8243; make_equal=\u00bbon\u00bb disabled_on=\u00bboff|off|off\u00bb _builder_version=\u00bb4.27.4&#8243; _module_preset=\u00bbdefault\u00bb background_color=\u00bbgcid-904649ba-8489-45ef-bc4d-794bd4d0fcba\u00bb z_index=\u00bb9&#8243; custom_margin=\u00bb5px|auto|30px|auto||\u00bb custom_padding=\u00bb3px||3px||true|false\u00bb custom_css_free_form=\u00bb.selector .et_pb_column {||  margin-right: 10px;||}\u00bb border_width_all=\u00bb1px\u00bb border_color_all=\u00bbRGBA(255,255,255,0)\u00bb global_colors_info=\u00bb{%22gcid-904649ba-8489-45ef-bc4d-794bd4d0fcba%22:%91%22background_color%22%93}\u00bb][et_pb_column type=\u00bb4_4&#8243; admin_label=\u00bbColumna\u00bb _builder_version=\u00bb4.27.4&#8243; _module_preset=\u00bbdefault\u00bb background_color=\u00bbrgba(0,0,0,0.5)\u00bb background_image=\u00bbhttps:\/\/ezsoulcare.com\/wp-content\/uploads\/2025\/03\/14.-Diamond-lift-pro-scaled.jpg\u00bb background_blend=\u00bboverlay\u00bb z_index=\u00bb500&#8243; custom_padding=\u00bb60px|30px|60px|30px|true|true\u00bb custom_padding_tablet=\u00bb30px|30px|30px|30px|true|true\u00bb custom_padding_phone=\u00bb20px|20px|20px|20px|true|true\u00bb custom_padding_last_edited=\u00bbon|tablet\u00bb border_color_all=\u00bbRGBA(255,255,255,0)\u00bb border_width_right=\u00bb1px\u00bb border_width_left=\u00bb1px\u00bb box_shadow_style=\u00bbpreset2&#8243; global_colors_info=\u00bb{}\u00bb][et_pb_text _builder_version=\u00bb4.27.4&#8243; _module_preset=\u00bbdefault\u00bb custom_padding=\u00bb0px||226px||false|false\u00bb global_colors_info=\u00bb{}\u00bb][\/et_pb_text][et_pb_text quote_border_color=\u00bb#FFFFFF\u00bb _builder_version=\u00bb4.27.4&#8243; _module_preset=\u00bb0c7afd43-5c5d-40a0-a04d-6f0567c7c67d\u00bb text_text_color=\u00bb#FFFFFF\u00bb link_text_color=\u00bb#FFFFFF\u00bb ul_text_color=\u00bb#FFFFFF\u00bb quote_text_color=\u00bb#FFFFFF\u00bb header_text_color=\u00bb#FFFFFF\u00bb custom_margin=\u00bb||8px|||\u00bb header_2_font_size_phone=\u00bb40px\u00bb global_colors_info=\u00bb{}\u00bb]<\/p>\n<h2 style=\"text-align: left;\"><\/h2>\n<h2><span style=\"color: #ffffff;\">Dermapen + C\u00f3ctel Vitaminas<\/span><\/h2>\n<p>[\/et_pb_text][et_pb_text _builder_version=\u00bb4.27.4&#8243; _module_preset=\u00bbdefault\u00bb text_font_size=\u00bb20px\u00bb text_line_height=\u00bb1.5em\u00bb ul_text_align=\u00bbleft\u00bb text_font_size_tablet=\u00bb20px\u00bb text_font_size_phone=\u00bb12px\u00bb text_font_size_last_edited=\u00bbon|phone\u00bb text_orientation_phone=\u00bbleft\u00bb text_orientation_last_edited=\u00bboff|phone\u00bb global_colors_info=\u00bb{}\u00bb]<\/p>\n<p style=\"text-align: left;\"><span style=\"color: #ffffff;\">Tratamiento profesional para el rejuvenecimiento cut\u00e1neo con ingredientes de lujo. Ayuda a la renovaci\u00f3n celular, devuelve la vitalidad, elasticidad y la luminosidad a tu piel.<\/span><\/p>\n<p>[\/et_pb_text][et_pb_button button_url=\u00bbhttps:\/\/wa.me\/34873452150?text=Hola%20Eva%2C%20quiero%20reservar%20el%20tratamiento%20Dermapen%20con%20C%C3%B3ctel%20Vitaminas\u00bb button_text=\u00bbreserva tu experiencia\u00bb button_alignment=\u00bbcenter\u00bb _builder_version=\u00bb4.27.5&#8243; _module_preset=\u00bb77cccd81-f1f1-4c7f-a2bd-2466ce14544a\u00bb button_text_color=\u00bb#FFFFFF\u00bb button_border_width=\u00bb2px\u00bb button_border_color=\u00bb#FFFFFF\u00bb button_border_radius=\u00bb25px\u00bb button_font=\u00bbABeeZee||||||||\u00bb button_icon=\u00bb&#x24;||divi||400&#8243; button_icon_color=\u00bb#FFFFFF\u00bb button_text_size_tablet=\u00bb\u00bb button_text_size_phone=\u00bb13px\u00bb button_text_size_last_edited=\u00bbon|phone\u00bb box_shadow_style=\u00bbpreset1&#8243; box_shadow_horizontal=\u00bb-2px\u00bb box_shadow_vertical=\u00bb1px\u00bb box_shadow_blur=\u00bb9px\u00bb box_shadow_spread=\u00bb1px\u00bb box_shadow_color=\u00bb#FFFFFF\u00bb global_colors_info=\u00bb{%22gcid-593669bf-7b77-45f1-89ce-cfe13309ccf8%22:%91%22button_text_color%22%93}\u00bb][\/et_pb_button][\/et_pb_column][\/et_pb_row][et_pb_row use_custom_gutter=\u00bbon\u00bb gutter_width=\u00bb2&#8243; make_equal=\u00bbon\u00bb disabled_on=\u00bboff|off|off\u00bb _builder_version=\u00bb4.27.4&#8243; _module_preset=\u00bbdefault\u00bb background_color=\u00bbgcid-904649ba-8489-45ef-bc4d-794bd4d0fcba\u00bb z_index=\u00bb9&#8243; custom_margin=\u00bb5px|auto|30px|auto||\u00bb custom_padding=\u00bb3px||3px||true|false\u00bb custom_css_free_form=\u00bb.selector .et_pb_column {||  margin-right: 10px;||}\u00bb border_width_all=\u00bb1px\u00bb border_color_all=\u00bbRGBA(255,255,255,0)\u00bb global_colors_info=\u00bb{%22gcid-904649ba-8489-45ef-bc4d-794bd4d0fcba%22:%91%22background_color%22%93}\u00bb][et_pb_column type=\u00bb4_4&#8243; admin_label=\u00bbColumna\u00bb _builder_version=\u00bb4.27.4&#8243; _module_preset=\u00bbdefault\u00bb background_color=\u00bbrgba(0,0,0,0.5)\u00bb background_image=\u00bbhttps:\/\/ezsoulcare.com\/wp-content\/uploads\/2025\/03\/3-CAVIAR-FONDO-GRIS-TOP.png\u00bb background_blend=\u00bboverlay\u00bb z_index=\u00bb500&#8243; custom_padding=\u00bb60px|30px|60px|30px|true|true\u00bb custom_padding_tablet=\u00bb30px|30px|30px|30px|true|true\u00bb custom_padding_phone=\u00bb20px|20px|20px|20px|true|true\u00bb custom_padding_last_edited=\u00bbon|tablet\u00bb border_color_all=\u00bbRGBA(255,255,255,0)\u00bb border_width_right=\u00bb1px\u00bb border_width_left=\u00bb1px\u00bb box_shadow_style=\u00bbpreset2&#8243; global_colors_info=\u00bb{}\u00bb][et_pb_text _builder_version=\u00bb4.27.4&#8243; _module_preset=\u00bbdefault\u00bb custom_padding=\u00bb0px||226px||false|false\u00bb global_colors_info=\u00bb{}\u00bb][\/et_pb_text][et_pb_text quote_border_color=\u00bb#FFFFFF\u00bb _builder_version=\u00bb4.27.4&#8243; _module_preset=\u00bb0c7afd43-5c5d-40a0-a04d-6f0567c7c67d\u00bb text_text_color=\u00bb#FFFFFF\u00bb link_text_color=\u00bb#FFFFFF\u00bb ul_text_color=\u00bb#FFFFFF\u00bb quote_text_color=\u00bb#FFFFFF\u00bb header_text_color=\u00bb#FFFFFF\u00bb custom_margin=\u00bb||8px|||\u00bb header_2_font_size_phone=\u00bb40px\u00bb global_colors_info=\u00bb{}\u00bb]<\/p>\n<h2 style=\"text-align: left;\"><span style=\"color: #ffffff;\">Caviar Experience \u2013 Matis Paris<\/span><\/h2>\n<p>[\/et_pb_text][et_pb_text _builder_version=\u00bb4.27.4&#8243; _module_preset=\u00bbdefault\u00bb text_text_color=\u00bb#FFFFFF\u00bb text_font_size=\u00bb20px\u00bb text_line_height=\u00bb1.5em\u00bb ul_text_align=\u00bbleft\u00bb text_font_size_tablet=\u00bb20px\u00bb text_font_size_phone=\u00bb12px\u00bb text_font_size_last_edited=\u00bbon|phone\u00bb text_orientation_phone=\u00bbleft\u00bb text_orientation_last_edited=\u00bboff|phone\u00bb global_colors_info=\u00bb{}\u00bb]<\/p>\n<p><span>Tratamiento exclusivo con extracto de Caviar Franc\u00e9s que nutre e hidrata profundamente la piel garantizando el aumento de volumen y firmeza del rostro.<\/span><\/p>\n<p>[\/et_pb_text][et_pb_button button_url=\u00bbhttps:\/\/wa.me\/34873452150?text=Hola%20Eva%2C%20quiero%20reservar%20el%20tratamiento%20Caviar%20Experience\u00bb button_text=\u00bbreserva tu experiencia\u00bb button_alignment=\u00bbcenter\u00bb _builder_version=\u00bb4.27.4&#8243; _module_preset=\u00bb77cccd81-f1f1-4c7f-a2bd-2466ce14544a\u00bb button_text_color=\u00bb#FFFFFF\u00bb button_border_width=\u00bb2px\u00bb button_border_color=\u00bb#FFFFFF\u00bb button_border_radius=\u00bb25px\u00bb button_font=\u00bbABeeZee||||||||\u00bb button_icon=\u00bb&#x24;||divi||400&#8243; button_icon_color=\u00bb#FFFFFF\u00bb button_text_size_tablet=\u00bb\u00bb button_text_size_phone=\u00bb13px\u00bb button_text_size_last_edited=\u00bbon|phone\u00bb box_shadow_style=\u00bbpreset1&#8243; box_shadow_horizontal=\u00bb-2px\u00bb box_shadow_vertical=\u00bb1px\u00bb box_shadow_blur=\u00bb9px\u00bb box_shadow_spread=\u00bb1px\u00bb box_shadow_color=\u00bb#FFFFFF\u00bb global_colors_info=\u00bb{%22gcid-593669bf-7b77-45f1-89ce-cfe13309ccf8%22:%91%22button_text_color%22%93}\u00bb][\/et_pb_button][\/et_pb_column][\/et_pb_row][\/et_pb_section][et_pb_section fb_built=\u00bb1&#8243; admin_label=\u00bbServices\u00bb _builder_version=\u00bb4.20.0&#8243; _module_preset=\u00bbdefault\u00bb background_color=\u00bbgcid-904649ba-8489-45ef-bc4d-794bd4d0fcba\u00bb custom_margin=\u00bb-45px|||||\u00bb custom_padding=\u00bb14px||23px|||\u00bb collapsed=\u00bbon\u00bb global_colors_info=\u00bb{%22gcid-904649ba-8489-45ef-bc4d-794bd4d0fcba%22:%91%22background_color%22%93}\u00bb][et_pb_row _builder_version=\u00bb4.20.0&#8243; _module_preset=\u00bbdefault\u00bb global_colors_info=\u00bb{}\u00bb][et_pb_column type=\u00bb4_4&#8243; _builder_version=\u00bb4.20.0&#8243; _module_preset=\u00bbdefault\u00bb global_colors_info=\u00bb{}\u00bb][et_pb_text _builder_version=\u00bb4.27.4&#8243; _module_preset=\u00bb2f7ae103-56e8-43e6-ac2d-df216f3d8ac1&#8243; header_2_font_size=\u00bb38px\u00bb text_orientation=\u00bbcenter\u00bb global_colors_info=\u00bb{}\u00bb]<\/p>\n<h2>\u00abUn espacio donde parar, respirar y reconectar contigo a trav\u00e9s del cuidado consciente de tu piel.\u00bb<\/h2>\n<p>[\/et_pb_text][\/et_pb_column][\/et_pb_row][\/et_pb_section][et_pb_section fb_built=\u00bb1&#8243; _builder_version=\u00bb4.27.4&#8243; _module_preset=\u00bbdefault\u00bb background_color=\u00bbgcid-904649ba-8489-45ef-bc4d-794bd4d0fcba\u00bb custom_margin_tablet=\u00bb\u00bb custom_margin_phone=\u00bb-65px||||false|false\u00bb custom_margin_last_edited=\u00bbon|phone\u00bb global_colors_info=\u00bb{%22gcid-904649ba-8489-45ef-bc4d-794bd4d0fcba%22:%91%22background_color%22%93}\u00bb][et_pb_row column_structure=\u00bb1_2,1_2&#8243; _builder_version=\u00bb4.27.4&#8243; _module_preset=\u00bbdefault\u00bb custom_margin=\u00bb|auto|40px|auto||\u00bb custom_padding=\u00bb6px||1px|||\u00bb custom_css_free_form=\u00bb.et_pb_image img {||    width: 500px;||    height: 550px !important;||    object-fit: cover;||}||||#mi-imagen-original img {||    width: auto !important;||    height: auto !important;||    object-fit: contain !important;||    max-width: 100%;||}||\u00bb global_colors_info=\u00bb{}\u00bb][et_pb_column type=\u00bb1_2&#8243; _builder_version=\u00bb4.27.4&#8243; _module_preset=\u00bbdefault\u00bb global_colors_info=\u00bb{}\u00bb][et_pb_text _builder_version=\u00bb4.27.4&#8243; _module_preset=\u00bb2f7ae103-56e8-43e6-ac2d-df216f3d8ac1&#8243; width=\u00bb100%\u00bb custom_margin=\u00bb|-4px||||\u00bb custom_padding=\u00bb0px|83px||||\u00bb custom_padding_tablet=\u00bb0px|83px||||\u00bb custom_padding_phone=\u00bb|36px|||false|false\u00bb custom_padding_last_edited=\u00bbon|phone\u00bb text_font_size_tablet=\u00bb\u00bb text_font_size_phone=\u00bb16px\u00bb text_font_size_last_edited=\u00bbon|phone\u00bb header_2_font_size_tablet=\u00bb\u00bb header_2_font_size_phone=\u00bb39px\u00bb header_2_font_size_last_edited=\u00bbon|phone\u00bb global_colors_info=\u00bb{}\u00bb]<\/p>\n<h2>Masaje de remonte Eva M\u00e1rquez<\/h2>\n<p>[\/et_pb_text][et_pb_text _builder_version=\u00bb4.27.4&#8243; _module_preset=\u00bbdefault\u00bb custom_margin=\u00bb-3px||43px|||\u00bb global_colors_info=\u00bb{}\u00bb]<\/p>\n<p>Masaje facial de remonte realizado con t\u00e9cnica oriental trabajando todos los tejidos para garantizar un aspecto joven y saludable aportando luminosidad a la piel.<\/p>\n<p>[\/et_pb_text][et_pb_text _builder_version=\u00bb4.27.4&#8243; _module_preset=\u00bbdefault\u00bb text_text_color=\u00bb#8c8c8c\u00bb custom_margin=\u00bb-21px||19px|||\u00bb global_colors_info=\u00bb{}\u00bb]<\/p>\n<p>75 minutos &#8211; 145\u20ac<\/p>\n<p>[\/et_pb_text][et_pb_button button_url=\u00bbhttps:\/\/wa.me\/34873452150?text=Hola%20Eva%2C%20quiero%20reservar%20el%20tratamiento%20Masaje%20remonte%20Eva%20M%C3%A1rquez\u00bb button_text=\u00bbreserva tu experiencia\u00bb button_alignment=\u00bbleft\u00bb button_alignment_tablet=\u00bbleft\u00bb button_alignment_phone=\u00bbcenter\u00bb button_alignment_last_edited=\u00bbon|phone\u00bb _builder_version=\u00bb4.27.4&#8243; _module_preset=\u00bb77cccd81-f1f1-4c7f-a2bd-2466ce14544a\u00bb button_text_color=\u00bb#000000&#8243; button_border_width=\u00bb2px\u00bb button_border_color=\u00bb#000000&#8243; button_border_radius=\u00bb25px\u00bb button_font=\u00bbABeeZee||||||||\u00bb button_icon=\u00bb&#x24;||divi||400&#8243; box_shadow_style=\u00bbpreset2&#8243; box_shadow_horizontal=\u00bb-6px\u00bb box_shadow_blur=\u00bb6px\u00bb global_colors_info=\u00bb{%22gcid-593669bf-7b77-45f1-89ce-cfe13309ccf8%22:%91%22button_text_color%22%93}\u00bb][\/et_pb_button][\/et_pb_column][et_pb_column type=\u00bb1_2&#8243; _builder_version=\u00bb4.27.4&#8243; _module_preset=\u00bbdefault\u00bb global_colors_info=\u00bb{}\u00bb][et_pb_image src=\u00bbhttps:\/\/ezsoulcare.com\/wp-content\/uploads\/2025\/03\/1-Masaje-de-Remonte-Eva-Marquez-scaled.jpeg\u00bb title_text=\u00bbYoung and healthy woman gets massage treatments for face, skin and neck in the spa salon. Health, wellness and rejuvenation concept.\u00bb _builder_version=\u00bb4.27.4&#8243; _module_preset=\u00bbdefault\u00bb width=\u00bb100%\u00bb custom_padding=\u00bb|||0px||\u00bb box_shadow_style=\u00bbpreset2&#8243; box_shadow_horizontal=\u00bb-6px\u00bb box_shadow_blur=\u00bb6px\u00bb locked=\u00bboff\u00bb global_colors_info=\u00bb{}\u00bb][\/et_pb_image][\/et_pb_column][\/et_pb_row][et_pb_row column_structure=\u00bb1_2,1_2&#8243; _builder_version=\u00bb4.27.4&#8243; _module_preset=\u00bbdefault\u00bb custom_margin=\u00bb|auto|40px|auto||\u00bb custom_padding=\u00bb6px||1px|||\u00bb global_colors_info=\u00bb{}\u00bb][et_pb_column type=\u00bb1_2&#8243; _builder_version=\u00bb4.27.4&#8243; _module_preset=\u00bbdefault\u00bb global_colors_info=\u00bb{}\u00bb][et_pb_text _builder_version=\u00bb4.27.4&#8243; _module_preset=\u00bb2f7ae103-56e8-43e6-ac2d-df216f3d8ac1&#8243; custom_padding=\u00bb0px||||false|false\u00bb header_2_font_size_tablet=\u00bb\u00bb header_2_font_size_phone=\u00bb42px\u00bb header_2_font_size_last_edited=\u00bbon|phone\u00bb global_colors_info=\u00bb{}\u00bb]<\/p>\n<h2>R\u00e9ponse R\u00e9gard &#8211; Matis Paris<\/h2>\n<p>[\/et_pb_text][et_pb_text _builder_version=\u00bb4.27.4&#8243; _module_preset=\u00bbdefault\u00bb custom_margin=\u00bb-3px||43px|||\u00bb custom_margin_tablet=\u00bb-3px||43px|||\u00bb custom_margin_phone=\u00bb-17px||35px||false|false\u00bb custom_margin_last_edited=\u00bbon|phone\u00bb global_colors_info=\u00bb{}\u00bb]<\/p>\n<p>Tratamiento descongestivo para revivir el resplandor de la mirada y difuminar marcas de fatiga, respetando la zona del contorno de los ojos.<\/p>\n<p>[\/et_pb_text][et_pb_text _builder_version=\u00bb4.27.4&#8243; _module_preset=\u00bbdefault\u00bb text_text_color=\u00bb#8c8c8c\u00bb custom_margin=\u00bb-21px||19px|||\u00bb global_colors_info=\u00bb{}\u00bb]<\/p>\n<p>60 minutos &#8211; 75\u20ac<\/p>\n<p>[\/et_pb_text][et_pb_button button_url=\u00bbhttps:\/\/wa.me\/34873452150?text=Hola%20Eva%2C%20quiero%20reservar%20el%20tratamiento%20R%C3%A9ponse%20R%C3%A9gard\u00bb button_text=\u00bbreserva tu experiencia\u00bb button_alignment=\u00bbleft\u00bb button_alignment_tablet=\u00bbleft\u00bb button_alignment_phone=\u00bbcenter\u00bb button_alignment_last_edited=\u00bbon|phone\u00bb _builder_version=\u00bb4.27.4&#8243; _module_preset=\u00bb77cccd81-f1f1-4c7f-a2bd-2466ce14544a\u00bb button_text_color=\u00bb#000000&#8243; button_border_width=\u00bb2px\u00bb button_border_color=\u00bb#000000&#8243; button_border_radius=\u00bb25px\u00bb button_font=\u00bbABeeZee||||||||\u00bb button_icon=\u00bb&#x24;||divi||400&#8243; box_shadow_style=\u00bbpreset2&#8243; box_shadow_horizontal=\u00bb-6px\u00bb box_shadow_blur=\u00bb6px\u00bb global_colors_info=\u00bb{%22gcid-593669bf-7b77-45f1-89ce-cfe13309ccf8%22:%91%22button_text_color%22%93}\u00bb][\/et_pb_button][\/et_pb_column][et_pb_column type=\u00bb1_2&#8243; _builder_version=\u00bb4.27.4&#8243; _module_preset=\u00bbdefault\u00bb global_colors_info=\u00bb{}\u00bb][et_pb_image src=\u00bbhttps:\/\/ezsoulcare.com\/wp-content\/uploads\/2025\/03\/2-Reponse-Regard-scaled-e1743276455662.jpeg\u00bb title_text=\u00bbYoung and beautiful woman applying moisturizing cream on her fac\u00bb _builder_version=\u00bb4.27.4&#8243; _module_preset=\u00bbdefault\u00bb width=\u00bb100%\u00bb custom_padding=\u00bb|||0px||\u00bb box_shadow_style=\u00bbpreset2&#8243; box_shadow_horizontal=\u00bb-6px\u00bb box_shadow_blur=\u00bb6px\u00bb global_colors_info=\u00bb{}\u00bb][\/et_pb_image][\/et_pb_column][\/et_pb_row][et_pb_row column_structure=\u00bb1_2,1_2&#8243; _builder_version=\u00bb4.27.4&#8243; _module_preset=\u00bbdefault\u00bb custom_margin=\u00bb|auto|40px|auto||\u00bb custom_padding=\u00bb6px||1px|||\u00bb global_colors_info=\u00bb{}\u00bb][et_pb_column type=\u00bb1_2&#8243; _builder_version=\u00bb4.27.4&#8243; _module_preset=\u00bbdefault\u00bb global_colors_info=\u00bb{}\u00bb][et_pb_text _builder_version=\u00bb4.27.4&#8243; _module_preset=\u00bb2f7ae103-56e8-43e6-ac2d-df216f3d8ac1&#8243; custom_padding=\u00bb0px|||||\u00bb header_2_font_size_phone=\u00bb42px\u00bb global_colors_info=\u00bb{}\u00bb]<\/p>\n<h2>Caviar Experience &#8211; Matis Paris<\/h2>\n<p>[\/et_pb_text][et_pb_text _builder_version=\u00bb4.27.4&#8243; _module_preset=\u00bbdefault\u00bb custom_margin=\u00bb-3px||28px||false|false\u00bb global_colors_info=\u00bb{}\u00bb]<\/p>\n<p>Tratamiento exclusivo con extracto de Caviar Franc\u00e9s que nutre e hidrata profundamente la piel garantizando el aumento de volumen y firmeza del rostro.<\/p>\n<p>[\/et_pb_text][et_pb_text _builder_version=\u00bb4.27.4&#8243; _module_preset=\u00bbdefault\u00bb text_text_color=\u00bb#8c8c8c\u00bb custom_margin=\u00bb-21px||19px|||\u00bb locked=\u00bboff\u00bb global_colors_info=\u00bb{}\u00bb]<\/p>\n<p>90 minutos &#8211; 175\u20ac<\/p>\n<p>[\/et_pb_text][et_pb_button button_url=\u00bbhttps:\/\/wa.me\/34873452150?text=Hola%20Eva%2C%20quiero%20reservar%20el%20tratamiento%20Caviar%20Experience\u00bb button_text=\u00bbreserva tu experiencia\u00bb button_alignment=\u00bbleft\u00bb _builder_version=\u00bb4.27.4&#8243; _module_preset=\u00bb77cccd81-f1f1-4c7f-a2bd-2466ce14544a\u00bb button_text_color=\u00bb#000000&#8243; button_border_width=\u00bb2px\u00bb button_border_color=\u00bb#000000&#8243; button_border_radius=\u00bb25px\u00bb button_font=\u00bbABeeZee||||||||\u00bb button_icon=\u00bb&#x24;||divi||400&#8243; box_shadow_style=\u00bbpreset2&#8243; box_shadow_horizontal=\u00bb-6px\u00bb box_shadow_blur=\u00bb6px\u00bb global_colors_info=\u00bb{%22gcid-593669bf-7b77-45f1-89ce-cfe13309ccf8%22:%91%22button_text_color%22%93}\u00bb][\/et_pb_button][\/et_pb_column][et_pb_column type=\u00bb1_2&#8243; _builder_version=\u00bb4.27.4&#8243; _module_preset=\u00bbdefault\u00bb global_colors_info=\u00bb{}\u00bb][et_pb_image src=\u00bbhttps:\/\/ezsoulcare.com\/wp-content\/uploads\/2025\/03\/3-CAVIAR-FONDO-GRIS-TOP.png\u00bb title_text=\u00bb3 CAVIAR FONDO GRIS TOP\u00bb _builder_version=\u00bb4.27.4&#8243; _module_preset=\u00bbdefault\u00bb width=\u00bb100%\u00bb custom_padding=\u00bb|||0px||\u00bb box_shadow_style=\u00bbpreset2&#8243; box_shadow_horizontal=\u00bb-6px\u00bb box_shadow_blur=\u00bb6px\u00bb global_colors_info=\u00bb{}\u00bb][\/et_pb_image][\/et_pb_column][\/et_pb_row][et_pb_row column_structure=\u00bb1_2,1_2&#8243; _builder_version=\u00bb4.27.4&#8243; _module_preset=\u00bbdefault\u00bb custom_margin=\u00bb|auto|40px|auto||\u00bb custom_padding=\u00bb6px||1px|||\u00bb global_colors_info=\u00bb{}\u00bb][et_pb_column type=\u00bb1_2&#8243; _builder_version=\u00bb4.27.4&#8243; _module_preset=\u00bbdefault\u00bb global_colors_info=\u00bb{}\u00bb][et_pb_text _builder_version=\u00bb4.27.4&#8243; _module_preset=\u00bb2f7ae103-56e8-43e6-ac2d-df216f3d8ac1&#8243; header_2_font_size=\u00bb53px\u00bb custom_padding=\u00bb0px|||||\u00bb header_2_font_size_phone=\u00bb42px\u00bb global_colors_info=\u00bb{}\u00bb]<\/p>\n<h2>Beauty Puret\u00e9 &#8211; Matis Paris<\/h2>\n<p>[\/et_pb_text][et_pb_text _builder_version=\u00bb4.27.4&#8243; _module_preset=\u00bbdefault\u00bb custom_margin=\u00bb-3px||43px|||\u00bb global_colors_info=\u00bb{}\u00bb]<\/p>\n<p>Tratamiento indicado para pieles grasas, mixtas, con poros dilatados o propensas a las imperfecciones. Es ideal para conseguir una piel matificada, lisa y equilibrada.<\/p>\n<p>[\/et_pb_text][et_pb_text _builder_version=\u00bb4.27.4&#8243; _module_preset=\u00bbdefault\u00bb text_text_color=\u00bb#8c8c8c\u00bb custom_margin=\u00bb-21px||19px|||\u00bb locked=\u00bboff\u00bb global_colors_info=\u00bb{}\u00bb]<\/p>\n<p>60 minutos &#8211; 85\u20ac<\/p>\n<p>[\/et_pb_text][et_pb_button button_url=\u00bbhttps:\/\/wa.me\/34873452150?text=Hola%20Eva%2C%20quiero%20reservar%20el%20tratamiento%20Beauty%20Puret%C3%A9&#8243; button_text=\u00bbreserva tu experiencia\u00bb button_alignment=\u00bbleft\u00bb _builder_version=\u00bb4.27.4&#8243; _module_preset=\u00bb77cccd81-f1f1-4c7f-a2bd-2466ce14544a\u00bb button_text_color=\u00bb#000000&#8243; button_border_width=\u00bb2px\u00bb button_border_color=\u00bb#000000&#8243; button_border_radius=\u00bb25px\u00bb button_font=\u00bbABeeZee||||||||\u00bb button_icon=\u00bb&#x24;||divi||400&#8243; box_shadow_style=\u00bbpreset2&#8243; box_shadow_horizontal=\u00bb-6px\u00bb box_shadow_blur=\u00bb6px\u00bb global_colors_info=\u00bb{%22gcid-593669bf-7b77-45f1-89ce-cfe13309ccf8%22:%91%22button_text_color%22%93}\u00bb][\/et_pb_button][\/et_pb_column][et_pb_column type=\u00bb1_2&#8243; _builder_version=\u00bb4.27.4&#8243; _module_preset=\u00bbdefault\u00bb global_colors_info=\u00bb{}\u00bb][et_pb_image src=\u00bbhttps:\/\/ezsoulcare.com\/wp-content\/uploads\/2025\/03\/4-Beauty-Purete.jpg\u00bb title_text=\u00bb4 Beauty Purete\u00bb _builder_version=\u00bb4.27.4&#8243; _module_preset=\u00bbdefault\u00bb width=\u00bb100%\u00bb custom_padding=\u00bb|||0px||\u00bb box_shadow_style=\u00bbpreset2&#8243; box_shadow_horizontal=\u00bb-6px\u00bb box_shadow_blur=\u00bb6px\u00bb global_colors_info=\u00bb{}\u00bb][\/et_pb_image][\/et_pb_column][\/et_pb_row][et_pb_row column_structure=\u00bb1_2,1_2&#8243; _builder_version=\u00bb4.27.4&#8243; _module_preset=\u00bbdefault\u00bb custom_margin=\u00bb|auto|40px|auto||\u00bb custom_padding=\u00bb6px||1px|||\u00bb global_colors_info=\u00bb{}\u00bb][et_pb_column type=\u00bb1_2&#8243; _builder_version=\u00bb4.27.4&#8243; _module_preset=\u00bbdefault\u00bb global_colors_info=\u00bb{}\u00bb][et_pb_text _builder_version=\u00bb4.27.4&#8243; _module_preset=\u00bb2f7ae103-56e8-43e6-ac2d-df216f3d8ac1&#8243; custom_padding=\u00bb0px|||||\u00bb header_2_font_size_phone=\u00bb36px\u00bb global_colors_info=\u00bb{}\u00bb]<\/p>\n<h2>R\u00e9ponse Corrective Matis Paris<\/h2>\n<p>[\/et_pb_text][et_pb_text _builder_version=\u00bb4.27.4&#8243; _module_preset=\u00bbdefault\u00bb custom_margin=\u00bb-3px||43px|||\u00bb global_colors_info=\u00bb{}\u00bb]<\/p>\n<p>\u00a1La alternativa a la medicina est\u00e9tica! Tratamiento que incorpora la combinaci\u00f3n de activos que ayudan a reafirmar y reducir las arrugas e iluminar el rostro.<\/p>\n<p>[\/et_pb_text][et_pb_text _builder_version=\u00bb4.27.4&#8243; _module_preset=\u00bbdefault\u00bb text_text_color=\u00bb#8c8c8c\u00bb custom_margin=\u00bb-21px||19px|||\u00bb locked=\u00bboff\u00bb global_colors_info=\u00bb{}\u00bb]<\/p>\n<p>45 minutos &#8211; 85\u20ac<\/p>\n<p>75 minutos &#8211; 120\u20ac<\/p>\n<p>[\/et_pb_text][et_pb_button button_url=\u00bbhttps:\/\/wa.me\/34873452150?text=Hola%20Eva%2C%20quiero%20reservar%20el%20tratamiento%20R%C3%A9ponse%20Corrective\u00bb button_text=\u00bbreserva tu experiencia\u00bb button_alignment=\u00bbleft\u00bb _builder_version=\u00bb4.27.4&#8243; _module_preset=\u00bb77cccd81-f1f1-4c7f-a2bd-2466ce14544a\u00bb button_text_color=\u00bb#000000&#8243; button_border_width=\u00bb2px\u00bb button_border_color=\u00bb#000000&#8243; button_border_radius=\u00bb25px\u00bb button_font=\u00bbABeeZee||||||||\u00bb button_icon=\u00bb&#x24;||divi||400&#8243; box_shadow_style=\u00bbpreset2&#8243; box_shadow_horizontal=\u00bb-6px\u00bb box_shadow_blur=\u00bb6px\u00bb global_colors_info=\u00bb{%22gcid-593669bf-7b77-45f1-89ce-cfe13309ccf8%22:%91%22button_text_color%22%93}\u00bb][\/et_pb_button][\/et_pb_column][et_pb_column type=\u00bb1_2&#8243; _builder_version=\u00bb4.27.4&#8243; _module_preset=\u00bbdefault\u00bb global_colors_info=\u00bb{}\u00bb][et_pb_image src=\u00bbhttps:\/\/ezsoulcare.com\/wp-content\/uploads\/2025\/03\/5-Reponse-Corrective.jpg\u00bb title_text=\u00bb5 Reponse Corrective\u00bb _builder_version=\u00bb4.27.4&#8243; _module_preset=\u00bbdefault\u00bb width=\u00bb100%\u00bb custom_padding=\u00bb|||0px||\u00bb box_shadow_style=\u00bbpreset2&#8243; box_shadow_horizontal=\u00bb-6px\u00bb box_shadow_blur=\u00bb6px\u00bb global_colors_info=\u00bb{}\u00bb][\/et_pb_image][\/et_pb_column][\/et_pb_row][et_pb_row column_structure=\u00bb1_2,1_2&#8243; disabled_on=\u00bbon|on|on\u00bb _builder_version=\u00bb4.27.4&#8243; _module_preset=\u00bbdefault\u00bb custom_margin=\u00bb|auto|40px|auto||\u00bb custom_padding=\u00bb6px||1px|||\u00bb disabled=\u00bbon\u00bb global_colors_info=\u00bb{}\u00bb][et_pb_column type=\u00bb1_2&#8243; _builder_version=\u00bb4.27.4&#8243; _module_preset=\u00bbdefault\u00bb global_colors_info=\u00bb{}\u00bb][et_pb_text _builder_version=\u00bb4.27.4&#8243; _module_preset=\u00bb2f7ae103-56e8-43e6-ac2d-df216f3d8ac1&#8243; custom_padding=\u00bb0px|||||\u00bb header_2_font_size_phone=\u00bb42px\u00bb global_colors_info=\u00bb{}\u00bb]<\/p>\n<h2>Tratamiento Oxivelour<\/h2>\n<p>&nbsp;<\/p>\n<p>[\/et_pb_text][et_pb_text _builder_version=\u00bb4.27.4&#8243; _module_preset=\u00bbdefault\u00bb custom_margin=\u00bb-3px||43px|||\u00bb custom_margin_tablet=\u00bb-3px||43px|||\u00bb custom_margin_phone=\u00bb-44px||41px||false|false\u00bb custom_margin_last_edited=\u00bbon|phone\u00bb custom_padding=\u00bb||0px||false|false\u00bb global_colors_info=\u00bb{}\u00bb]<\/p>\n<p>Tratamiento reafirmante que combina la tecnolog\u00eda de radiofrecuencia, electroporaci\u00f3n y l\u00e1ser suave. Combate la flacidez y los signos del envejecimiento.<\/p>\n<p>[\/et_pb_text][et_pb_text _builder_version=\u00bb4.27.4&#8243; _module_preset=\u00bbdefault\u00bb text_text_color=\u00bb#8c8c8c\u00bb custom_margin=\u00bb-21px||19px|||\u00bb custom_margin_tablet=\u00bb-21px||19px|||\u00bb custom_margin_phone=\u00bb-21px||-11px||false|false\u00bb custom_margin_last_edited=\u00bbon|phone\u00bb custom_padding=\u00bb||36px|||\u00bb locked=\u00bboff\u00bb global_colors_info=\u00bb{}\u00bb]<\/p>\n<p>90 minutos &#8211; 160\u20ac<\/p>\n<p>[\/et_pb_text][et_pb_button button_url=\u00bbhttps:\/\/wa.me\/34873452150?text=Hola%20Eva%2C%20quiero%20reservar%20el%20tratamiento%20Tratamiento%20Oxivelour\u00bb button_text=\u00bbreserva tu experiencia\u00bb button_alignment=\u00bbleft\u00bb _builder_version=\u00bb4.27.4&#8243; _module_preset=\u00bb77cccd81-f1f1-4c7f-a2bd-2466ce14544a\u00bb button_text_color=\u00bb#000000&#8243; button_border_width=\u00bb2px\u00bb button_border_color=\u00bb#000000&#8243; button_border_radius=\u00bb25px\u00bb button_font=\u00bbABeeZee||||||||\u00bb button_icon=\u00bb&#x24;||divi||400&#8243; box_shadow_style=\u00bbpreset2&#8243; box_shadow_horizontal=\u00bb-6px\u00bb box_shadow_blur=\u00bb6px\u00bb global_colors_info=\u00bb{%22gcid-593669bf-7b77-45f1-89ce-cfe13309ccf8%22:%91%22button_text_color%22%93}\u00bb][\/et_pb_button][\/et_pb_column][et_pb_column type=\u00bb1_2&#8243; _builder_version=\u00bb4.27.4&#8243; _module_preset=\u00bbdefault\u00bb global_colors_info=\u00bb{}\u00bb][et_pb_image src=\u00bbhttps:\/\/ezsoulcare.com\/wp-content\/uploads\/2025\/03\/7-Oxivelour.webp\u00bb title_text=\u00bb7 Oxivelour\u00bb _builder_version=\u00bb4.27.4&#8243; _module_preset=\u00bbdefault\u00bb width=\u00bb100%\u00bb custom_padding=\u00bb|||0px||\u00bb box_shadow_style=\u00bbpreset2&#8243; box_shadow_horizontal=\u00bb-6px\u00bb box_shadow_blur=\u00bb6px\u00bb global_colors_info=\u00bb{}\u00bb][\/et_pb_image][\/et_pb_column][\/et_pb_row][et_pb_row column_structure=\u00bb1_2,1_2&#8243; _builder_version=\u00bb4.27.4&#8243; _module_preset=\u00bbdefault\u00bb custom_margin=\u00bb|auto|40px|auto||\u00bb custom_padding=\u00bb6px||1px|||\u00bb global_colors_info=\u00bb{}\u00bb][et_pb_column type=\u00bb1_2&#8243; _builder_version=\u00bb4.27.4&#8243; _module_preset=\u00bbdefault\u00bb global_colors_info=\u00bb{}\u00bb][et_pb_text _builder_version=\u00bb4.27.4&#8243; _module_preset=\u00bb2f7ae103-56e8-43e6-ac2d-df216f3d8ac1&#8243; custom_padding=\u00bb0px|||||\u00bb header_2_font_size_phone=\u00bb42px\u00bb global_colors_info=\u00bb{}\u00bb]<\/p>\n<h2>Tratamiento Necklift<\/h2>\n<p>[\/et_pb_text][et_pb_text _builder_version=\u00bb4.27.4&#8243; _module_preset=\u00bbdefault\u00bb custom_margin=\u00bb-3px||43px|||\u00bb global_colors_info=\u00bb{}\u00bb]<\/p>\n<p>Tratamiento que act\u00faa sobre los tejidos consiguiendo un gran efecto antioxidante, oxigenante y antiinflamatorio, generando as\u00ed efectos muy positivos sobre la piel.<\/p>\n<p>[\/et_pb_text][et_pb_text _builder_version=\u00bb4.27.4&#8243; _module_preset=\u00bbdefault\u00bb text_text_color=\u00bb#8c8c8c\u00bb custom_margin=\u00bb-21px||19px|||\u00bb locked=\u00bboff\u00bb global_colors_info=\u00bb{}\u00bb]<\/p>\n<p>60 minutos &#8211; 75\u20ac<\/p>\n<p>[\/et_pb_text][et_pb_button button_url=\u00bbhttps:\/\/wa.me\/34873452150?text=Hola%20Eva%2C%20quiero%20reservar%20el%20tratamiento%20Tratamiento%20Necklift\u00bb button_text=\u00bbreserva tu experiencia\u00bb button_alignment=\u00bbleft\u00bb _builder_version=\u00bb4.27.4&#8243; _module_preset=\u00bb77cccd81-f1f1-4c7f-a2bd-2466ce14544a\u00bb button_text_color=\u00bb#000000&#8243; button_border_width=\u00bb2px\u00bb button_border_color=\u00bb#000000&#8243; button_border_radius=\u00bb25px\u00bb button_font=\u00bbABeeZee||||||||\u00bb button_icon=\u00bb&#x24;||divi||400&#8243; box_shadow_style=\u00bbpreset2&#8243; box_shadow_horizontal=\u00bb-6px\u00bb box_shadow_blur=\u00bb6px\u00bb global_colors_info=\u00bb{%22gcid-593669bf-7b77-45f1-89ce-cfe13309ccf8%22:%91%22button_text_color%22%93}\u00bb][\/et_pb_button][\/et_pb_column][et_pb_column type=\u00bb1_2&#8243; _builder_version=\u00bb4.27.4&#8243; _module_preset=\u00bbdefault\u00bb global_colors_info=\u00bb{}\u00bb][et_pb_image src=\u00bbhttps:\/\/ezsoulcare.com\/wp-content\/uploads\/2025\/03\/8-NECKLIFT-PRO-scaled.jpg\u00bb title_text=\u00bbPanorama top view woman enjoying relaxing anti-stress head massage. Quiescent\u00bb _builder_version=\u00bb4.27.4&#8243; _module_preset=\u00bbdefault\u00bb width=\u00bb100%\u00bb custom_padding=\u00bb|||0px||\u00bb box_shadow_style=\u00bbpreset2&#8243; box_shadow_horizontal=\u00bb-6px\u00bb box_shadow_blur=\u00bb6px\u00bb global_colors_info=\u00bb{}\u00bb][\/et_pb_image][\/et_pb_column][\/et_pb_row][et_pb_row column_structure=\u00bb1_2,1_2&#8243; _builder_version=\u00bb4.27.4&#8243; _module_preset=\u00bbdefault\u00bb custom_padding=\u00bb6px||1px|||\u00bb global_colors_info=\u00bb{}\u00bb][et_pb_column type=\u00bb1_2&#8243; _builder_version=\u00bb4.27.4&#8243; _module_preset=\u00bbdefault\u00bb global_colors_info=\u00bb{}\u00bb][et_pb_text _builder_version=\u00bb4.27.4&#8243; _module_preset=\u00bb2f7ae103-56e8-43e6-ac2d-df216f3d8ac1&#8243; custom_padding=\u00bb0px|||||\u00bb header_2_font_size_phone=\u00bb41px\u00bb global_colors_info=\u00bb{}\u00bb]<\/p>\n<h2>Organic &amp; Vegan<\/h2>\n<p>[\/et_pb_text][et_pb_text _builder_version=\u00bb4.27.4&#8243; _module_preset=\u00bbdefault\u00bb custom_margin=\u00bb-3px||43px|||\u00bb global_colors_info=\u00bb{}\u00bb]<\/p>\n<p>Masaje cr\u00e1neo-facial antiestr\u00e9s realizado con cosm\u00e9tica natural de lavanda elaborada en la Comarca de l\u2019Alt Urgell. Tratamiento indicado para calmar la piel.<\/p>\n<p>[\/et_pb_text][et_pb_text _builder_version=\u00bb4.27.4&#8243; _module_preset=\u00bbdefault\u00bb text_text_color=\u00bb#8c8c8c\u00bb custom_margin=\u00bb-21px||19px|||\u00bb locked=\u00bboff\u00bb global_colors_info=\u00bb{}\u00bb]<\/p>\n<p>30 minutos &#8211; 45\u20ac<\/p>\n<p>[\/et_pb_text][et_pb_button button_url=\u00bbhttps:\/\/wa.me\/34873452150?text=Hola%20Eva%2C%20quiero%20reservar%20el%20tratamiento%20Organic%20%26%20Vegan\u00bb button_text=\u00bbreserva tu experiencia\u00bb button_alignment=\u00bbleft\u00bb _builder_version=\u00bb4.27.4&#8243; _module_preset=\u00bb77cccd81-f1f1-4c7f-a2bd-2466ce14544a\u00bb button_text_color=\u00bb#000000&#8243; button_border_width=\u00bb2px\u00bb button_border_color=\u00bb#000000&#8243; button_border_radius=\u00bb25px\u00bb button_font=\u00bbABeeZee||||||||\u00bb button_icon=\u00bb&#x24;||divi||400&#8243; box_shadow_style=\u00bbpreset2&#8243; box_shadow_horizontal=\u00bb-6px\u00bb box_shadow_blur=\u00bb6px\u00bb global_colors_info=\u00bb{%22gcid-593669bf-7b77-45f1-89ce-cfe13309ccf8%22:%91%22button_text_color%22%93}\u00bb][\/et_pb_button][\/et_pb_column][et_pb_column type=\u00bb1_2&#8243; _builder_version=\u00bb4.27.4&#8243; _module_preset=\u00bbdefault\u00bb global_colors_info=\u00bb{}\u00bb][et_pb_image src=\u00bbhttps:\/\/ezsoulcare.com\/wp-content\/uploads\/2025\/03\/9-ORGANIC-VEGAN-FINAL-scaled.jpg\u00bb title_text=\u00bbA woman lies on a table at a spa while getting a facial.\u00bb _builder_version=\u00bb4.27.4&#8243; _module_preset=\u00bbdefault\u00bb width=\u00bb100%\u00bb custom_padding=\u00bb|||0px||\u00bb box_shadow_style=\u00bbpreset2&#8243; box_shadow_horizontal=\u00bb-6px\u00bb box_shadow_blur=\u00bb6px\u00bb global_colors_info=\u00bb{}\u00bb][\/et_pb_image][\/et_pb_column][\/et_pb_row][et_pb_row column_structure=\u00bb1_2,1_2&#8243; _builder_version=\u00bb4.27.4&#8243; _module_preset=\u00bbdefault\u00bb custom_padding=\u00bb40px||1px|||\u00bb global_colors_info=\u00bb{}\u00bb][et_pb_column type=\u00bb1_2&#8243; _builder_version=\u00bb4.27.4&#8243; _module_preset=\u00bbdefault\u00bb global_colors_info=\u00bb{}\u00bb][et_pb_text _builder_version=\u00bb4.27.4&#8243; _module_preset=\u00bb2f7ae103-56e8-43e6-ac2d-df216f3d8ac1&#8243; custom_padding=\u00bb0px|||||\u00bb header_2_font_size_phone=\u00bb42px\u00bb global_colors_info=\u00bb{}\u00bb]<\/p>\n<h2>Hinoki Cipr\u00e9s Japon\u00e9s<\/h2>\n<p>[\/et_pb_text][et_pb_text _builder_version=\u00bb4.27.4&#8243; _module_preset=\u00bbdefault\u00bb custom_margin=\u00bb-3px||43px|||\u00bb custom_padding=\u00bb||0px|||\u00bb global_colors_info=\u00bb{}\u00bb]<\/p>\n<p>Tratamiento que consigue un efecto iluminador y reafirmante gracias al masaje SHIRIN-YOKU realizado con la madera del \u00e1rbol milenario japon\u00e9s.<\/p>\n<p>[\/et_pb_text][et_pb_text _builder_version=\u00bb4.27.4&#8243; _module_preset=\u00bbdefault\u00bb text_text_color=\u00bb#8c8c8c\u00bb custom_margin=\u00bb-21px||19px|||\u00bb locked=\u00bboff\u00bb global_colors_info=\u00bb{}\u00bb]<\/p>\n<p>60 minutos &#8211; 85\u20ac<\/p>\n<p>[\/et_pb_text][et_pb_button button_url=\u00bbhttps:\/\/wa.me\/34873452150?text=Hola%20Eva%2C%20quiero%20reservar%20el%20tratamiento%20Hinoki%20Cipr%C3%A9s%20Japon%C3%A9s\u00bb button_text=\u00bbreserva tu experiencia\u00bb button_alignment=\u00bbleft\u00bb _builder_version=\u00bb4.27.4&#8243; _module_preset=\u00bb77cccd81-f1f1-4c7f-a2bd-2466ce14544a\u00bb button_text_color=\u00bb#000000&#8243; button_border_width=\u00bb2px\u00bb button_border_color=\u00bb#000000&#8243; button_border_radius=\u00bb25px\u00bb button_font=\u00bbABeeZee||||||||\u00bb button_icon=\u00bb&#x24;||divi||400&#8243; box_shadow_style=\u00bbpreset2&#8243; box_shadow_horizontal=\u00bb-6px\u00bb box_shadow_blur=\u00bb6px\u00bb global_colors_info=\u00bb{%22gcid-593669bf-7b77-45f1-89ce-cfe13309ccf8%22:%91%22button_text_color%22%93}\u00bb][\/et_pb_button][\/et_pb_column][et_pb_column type=\u00bb1_2&#8243; _builder_version=\u00bb4.27.4&#8243; _module_preset=\u00bbdefault\u00bb global_colors_info=\u00bb{}\u00bb][et_pb_image src=\u00bbhttps:\/\/ezsoulcare.com\/wp-content\/uploads\/2024\/09\/beauty-esthetician-20b.jpg\u00bb title_text=\u00bbbeauty-esthetician-20b\u00bb _builder_version=\u00bb4.27.4&#8243; _module_preset=\u00bbdefault\u00bb width=\u00bb100%\u00bb custom_padding=\u00bb|||0px||\u00bb box_shadow_style=\u00bbpreset2&#8243; box_shadow_horizontal=\u00bb-6px\u00bb box_shadow_blur=\u00bb6px\u00bb global_colors_info=\u00bb{}\u00bb][\/et_pb_image][\/et_pb_column][\/et_pb_row][et_pb_row column_structure=\u00bb1_2,1_2&#8243; _builder_version=\u00bb4.27.4&#8243; _module_preset=\u00bbdefault\u00bb custom_padding=\u00bb40px||1px|||\u00bb global_colors_info=\u00bb{}\u00bb][et_pb_column type=\u00bb1_2&#8243; _builder_version=\u00bb4.27.4&#8243; _module_preset=\u00bbdefault\u00bb global_colors_info=\u00bb{}\u00bb][et_pb_text _builder_version=\u00bb4.27.4&#8243; _module_preset=\u00bb2f7ae103-56e8-43e6-ac2d-df216f3d8ac1&#8243; custom_padding=\u00bb0px|||||\u00bb header_2_font_size_phone=\u00bb42px\u00bb global_colors_info=\u00bb{}\u00bb]<\/p>\n<h2>Tri\u00e1cidos Peeling qu\u00edmico<\/h2>\n<p>[\/et_pb_text][et_pb_text _builder_version=\u00bb4.27.4&#8243; _module_preset=\u00bbdefault\u00bb custom_margin=\u00bb-3px||43px|||\u00bb custom_padding=\u00bb||0px|||\u00bb global_colors_info=\u00bb{}\u00bb]<\/p>\n<p>Nueva generaci\u00f3n de avanzados peelings dermocosm\u00e9ticos con alta concentraci\u00f3n de \u00e1cidos para pieles que se vean afectadas por manchas, arrugas o acn\u00e9.<\/p>\n<p>[\/et_pb_text][et_pb_text _builder_version=\u00bb4.27.4&#8243; _module_preset=\u00bbdefault\u00bb text_text_color=\u00bb#8c8c8c\u00bb custom_margin=\u00bb-21px||19px|||\u00bb locked=\u00bboff\u00bb global_colors_info=\u00bb{}\u00bb]<\/p>\n<p>60 minutos &#8211; 160\u20ac<\/p>\n<p>[\/et_pb_text][et_pb_button button_url=\u00bbhttps:\/\/wa.me\/34873452150?text=Hola%20Eva%2C%20quiero%20reservar%20el%20tratamiento%20Tri%C3%A1cidos%20Peeling%20qu%C3%ADmico\u00bb button_text=\u00bbreserva tu experiencia\u00bb button_alignment=\u00bbleft\u00bb _builder_version=\u00bb4.27.4&#8243; _module_preset=\u00bb77cccd81-f1f1-4c7f-a2bd-2466ce14544a\u00bb button_text_color=\u00bb#000000&#8243; button_border_width=\u00bb2px\u00bb button_border_color=\u00bb#000000&#8243; button_border_radius=\u00bb25px\u00bb button_font=\u00bbABeeZee||||||||\u00bb button_icon=\u00bb&#x24;||divi||400&#8243; box_shadow_style=\u00bbpreset2&#8243; box_shadow_horizontal=\u00bb-6px\u00bb box_shadow_blur=\u00bb6px\u00bb global_colors_info=\u00bb{%22gcid-593669bf-7b77-45f1-89ce-cfe13309ccf8%22:%91%22button_text_color%22%93}\u00bb][\/et_pb_button][\/et_pb_column][et_pb_column type=\u00bb1_2&#8243; _builder_version=\u00bb4.27.4&#8243; _module_preset=\u00bbdefault\u00bb global_colors_info=\u00bb{}\u00bb][et_pb_image src=\u00bbhttps:\/\/ezsoulcare.com\/wp-content\/uploads\/2025\/03\/11.-Absolute-Recovery-Peel-scaled.jpg\u00bb title_text=\u00bbYoung woman with purifying Mask on her face\u00bb _builder_version=\u00bb4.27.4&#8243; _module_preset=\u00bbdefault\u00bb width=\u00bb100%\u00bb custom_padding=\u00bb|||0px||\u00bb box_shadow_style=\u00bbpreset2&#8243; box_shadow_horizontal=\u00bb-6px\u00bb box_shadow_blur=\u00bb6px\u00bb global_colors_info=\u00bb{}\u00bb][\/et_pb_image][\/et_pb_column][\/et_pb_row][et_pb_row column_structure=\u00bb1_2,1_2&#8243; _builder_version=\u00bb4.27.4&#8243; _module_preset=\u00bbdefault\u00bb custom_padding=\u00bb40px||1px|||\u00bb global_colors_info=\u00bb{}\u00bb][et_pb_column type=\u00bb1_2&#8243; _builder_version=\u00bb4.27.4&#8243; _module_preset=\u00bbdefault\u00bb global_colors_info=\u00bb{}\u00bb][et_pb_text _builder_version=\u00bb4.27.4&#8243; _module_preset=\u00bb2f7ae103-56e8-43e6-ac2d-df216f3d8ac1&#8243; custom_padding=\u00bb0px|||||\u00bb header_2_font_size_phone=\u00bb40px\u00bb global_colors_info=\u00bb{}\u00bb]<\/p>\n<h2>Spot Out Toskani<\/h2>\n<p>[\/et_pb_text][et_pb_text _builder_version=\u00bb4.27.4&#8243; _module_preset=\u00bbdefault\u00bb custom_margin=\u00bb-3px||43px|||\u00bb global_colors_info=\u00bb{}\u00bb]<\/p>\n<p>Procedimiento despigmentante para reducir las manchas oscuras y tratar melasmas. Consta un peeling qu\u00edmico y un tratamiento domiciliario.<\/p>\n<p>[\/et_pb_text][et_pb_text _builder_version=\u00bb4.27.4&#8243; _module_preset=\u00bbdefault\u00bb text_text_color=\u00bb#8c8c8c\u00bb custom_margin=\u00bb-21px||19px|||\u00bb locked=\u00bboff\u00bb global_colors_info=\u00bb{}\u00bb]<\/p>\n<p>Tratamiento completo: 390\u20ac<\/p>\n<p>[\/et_pb_text][et_pb_button button_url=\u00bbhttps:\/\/wa.me\/34873452150?text=Hola%20Eva%2C%20quiero%20reservar%20el%20tratamiento%20Spot%20Out%20Toskani\u00bb button_text=\u00bbreserva tu experiencia\u00bb button_alignment=\u00bbleft\u00bb _builder_version=\u00bb4.27.4&#8243; _module_preset=\u00bb77cccd81-f1f1-4c7f-a2bd-2466ce14544a\u00bb button_text_color=\u00bb#000000&#8243; button_border_width=\u00bb2px\u00bb button_border_color=\u00bb#000000&#8243; button_border_radius=\u00bb25px\u00bb button_font=\u00bbABeeZee||||||||\u00bb button_icon=\u00bb&#x24;||divi||400&#8243; box_shadow_style=\u00bbpreset2&#8243; box_shadow_horizontal=\u00bb-6px\u00bb box_shadow_blur=\u00bb6px\u00bb global_colors_info=\u00bb{%22gcid-593669bf-7b77-45f1-89ce-cfe13309ccf8%22:%91%22button_text_color%22%93}\u00bb][\/et_pb_button][\/et_pb_column][et_pb_column type=\u00bb1_2&#8243; _builder_version=\u00bb4.27.4&#8243; _module_preset=\u00bbdefault\u00bb global_colors_info=\u00bb{}\u00bb][et_pb_image src=\u00bbhttps:\/\/ezsoulcare.com\/wp-content\/uploads\/2025\/03\/12-spot-out-toskani.jpg.webp\u00bb title_text=\u00bb12 spot out toskani.jpg\u00bb _builder_version=\u00bb4.27.4&#8243; _module_preset=\u00bbdefault\u00bb width=\u00bb100%\u00bb custom_padding=\u00bb|||0px||\u00bb box_shadow_style=\u00bbpreset2&#8243; box_shadow_horizontal=\u00bb-6px\u00bb box_shadow_blur=\u00bb6px\u00bb global_colors_info=\u00bb{}\u00bb][\/et_pb_image][\/et_pb_column][\/et_pb_row][et_pb_row column_structure=\u00bb1_2,1_2&#8243; _builder_version=\u00bb4.27.4&#8243; _module_preset=\u00bbdefault\u00bb custom_padding=\u00bb40px||1px|||\u00bb global_colors_info=\u00bb{}\u00bb][et_pb_column type=\u00bb1_2&#8243; _builder_version=\u00bb4.27.4&#8243; _module_preset=\u00bbdefault\u00bb global_colors_info=\u00bb{}\u00bb][et_pb_text _builder_version=\u00bb4.27.4&#8243; _module_preset=\u00bb2f7ae103-56e8-43e6-ac2d-df216f3d8ac1&#8243; custom_padding=\u00bb0px|||||\u00bb header_2_font_size_phone=\u00bb42px\u00bb global_colors_info=\u00bb{}\u00bb]<\/p>\n<h2>Mesolift Toskani<\/h2>\n<p>[\/et_pb_text][et_pb_text _builder_version=\u00bb4.27.4&#8243; _module_preset=\u00bbdefault\u00bb custom_margin=\u00bb-3px||43px|||\u00bb global_colors_info=\u00bb{}\u00bb]<\/p>\n<p>Tratamiento que proporciona un efecto iluminador eliminando las c\u00e9lulas muertas superficiales. Tambi\u00e9n disminuye los signos del envejecimiento, el sol y las cicatrices.<\/p>\n<p>[\/et_pb_text][et_pb_text _builder_version=\u00bb4.27.4&#8243; _module_preset=\u00bbdefault\u00bb text_text_color=\u00bb#8c8c8c\u00bb custom_margin=\u00bb-21px||19px|||\u00bb locked=\u00bboff\u00bb global_colors_info=\u00bb{}\u00bb]<\/p>\n<p>60 minutos &#8211; 125\u20ac<\/p>\n<p>[\/et_pb_text][et_pb_button button_url=\u00bbhttps:\/\/wa.me\/34873452150?text=Hola%20Eva%2C%20quiero%20reservar%20el%20tratamiento%20Mesolift%20Toskani\u00bb button_text=\u00bbreserva tu experiencia\u00bb button_alignment=\u00bbleft\u00bb _builder_version=\u00bb4.27.4&#8243; _module_preset=\u00bb77cccd81-f1f1-4c7f-a2bd-2466ce14544a\u00bb button_text_color=\u00bb#000000&#8243; button_border_width=\u00bb2px\u00bb button_border_color=\u00bb#000000&#8243; button_border_radius=\u00bb25px\u00bb button_font=\u00bbABeeZee||||||||\u00bb button_icon=\u00bb&#x24;||divi||400&#8243; box_shadow_style=\u00bbpreset2&#8243; box_shadow_horizontal=\u00bb-6px\u00bb box_shadow_blur=\u00bb6px\u00bb global_colors_info=\u00bb{%22gcid-593669bf-7b77-45f1-89ce-cfe13309ccf8%22:%91%22button_text_color%22%93}\u00bb][\/et_pb_button][\/et_pb_column][et_pb_column type=\u00bb1_2&#8243; _builder_version=\u00bb4.27.4&#8243; _module_preset=\u00bbdefault\u00bb global_colors_info=\u00bb{}\u00bb][et_pb_image src=\u00bbhttps:\/\/ezsoulcare.com\/wp-content\/uploads\/2025\/03\/13-Mesolift-Toskani-scaled.jpeg\u00bb title_text=\u00bbAnti-wrinkle procedure\u00bb _builder_version=\u00bb4.27.4&#8243; _module_preset=\u00bbdefault\u00bb width=\u00bb100%\u00bb custom_padding=\u00bb|||0px||\u00bb box_shadow_style=\u00bbpreset2&#8243; box_shadow_horizontal=\u00bb-6px\u00bb box_shadow_blur=\u00bb6px\u00bb global_colors_info=\u00bb{}\u00bb][\/et_pb_image][\/et_pb_column][\/et_pb_row][et_pb_row column_structure=\u00bb1_2,1_2&#8243; _builder_version=\u00bb4.27.4&#8243; _module_preset=\u00bbdefault\u00bb custom_padding=\u00bb40px||1px|||\u00bb global_colors_info=\u00bb{}\u00bb][et_pb_column type=\u00bb1_2&#8243; _builder_version=\u00bb4.27.4&#8243; _module_preset=\u00bbdefault\u00bb global_colors_info=\u00bb{}\u00bb][et_pb_text _builder_version=\u00bb4.27.4&#8243; _module_preset=\u00bb2f7ae103-56e8-43e6-ac2d-df216f3d8ac1&#8243; custom_padding=\u00bb0px|||||\u00bb header_2_font_size_phone=\u00bb40px\u00bb global_colors_info=\u00bb{}\u00bb]<\/p>\n<h2>Dermapen + C\u00f3ctel Vitaminas<\/h2>\n<p>[\/et_pb_text][et_pb_text _builder_version=\u00bb4.27.4&#8243; _module_preset=\u00bbdefault\u00bb custom_margin=\u00bb-3px||43px|||\u00bb global_colors_info=\u00bb{}\u00bb]<\/p>\n<p>Tratamiento profesional para el rejuvenecimiento cut\u00e1neo con ingredientes de lujo. Ayuda a la renovaci\u00f3n celular, devuelve la vitalidad, elasticidad y la luminosidad a tu piel.<\/p>\n<p>[\/et_pb_text][et_pb_text _builder_version=\u00bb4.27.5&#8243; _module_preset=\u00bbdefault\u00bb text_text_color=\u00bb#8c8c8c\u00bb custom_margin=\u00bb-21px||19px|||\u00bb locked=\u00bboff\u00bb global_colors_info=\u00bb{}\u00bb]<\/p>\n<p>60 minutos &#8211; 87\u20ac<\/p>\n<p>[\/et_pb_text][et_pb_button button_url=\u00bbhttps:\/\/wa.me\/34873452150?text=Hola%20Eva%2C%20quiero%20reservar%20el%20tratamiento%20Dermapen%20con%20C%C3%B3ctel%20Vitaminas\u00bb button_text=\u00bbreserva tu experiencia\u00bb button_alignment=\u00bbleft\u00bb _builder_version=\u00bb4.27.5&#8243; _module_preset=\u00bb77cccd81-f1f1-4c7f-a2bd-2466ce14544a\u00bb button_text_color=\u00bb#000000&#8243; button_border_width=\u00bb2px\u00bb button_border_color=\u00bb#000000&#8243; button_border_radius=\u00bb25px\u00bb button_font=\u00bbABeeZee||||||||\u00bb button_icon=\u00bb&#x24;||divi||400&#8243; box_shadow_style=\u00bbpreset2&#8243; box_shadow_horizontal=\u00bb-6px\u00bb box_shadow_blur=\u00bb6px\u00bb global_colors_info=\u00bb{%22gcid-593669bf-7b77-45f1-89ce-cfe13309ccf8%22:%91%22button_text_color%22%93}\u00bb][\/et_pb_button][\/et_pb_column][et_pb_column type=\u00bb1_2&#8243; _builder_version=\u00bb4.27.4&#8243; _module_preset=\u00bbdefault\u00bb global_colors_info=\u00bb{}\u00bb][et_pb_image src=\u00bbhttps:\/\/ezsoulcare.com\/wp-content\/uploads\/2025\/03\/14.-Diamond-lift-pro-scaled.jpg\u00bb title_text=\u00bbclose up of Cosmetologist,beautician applying facial dermapen treatment on face of young woman customer in beauty salon.Cosmetology and professional skin care, face rejuvenation.\u00bb _builder_version=\u00bb4.27.4&#8243; _module_preset=\u00bbdefault\u00bb width=\u00bb100%\u00bb custom_padding=\u00bb|||0px||\u00bb box_shadow_style=\u00bbpreset2&#8243; box_shadow_horizontal=\u00bb-6px\u00bb box_shadow_blur=\u00bb6px\u00bb global_colors_info=\u00bb{}\u00bb][\/et_pb_image][\/et_pb_column][\/et_pb_row][et_pb_row column_structure=\u00bb1_2,1_2&#8243; _builder_version=\u00bb4.27.4&#8243; _module_preset=\u00bbdefault\u00bb custom_padding=\u00bb40px||1px|||\u00bb global_colors_info=\u00bb{}\u00bb][et_pb_column type=\u00bb1_2&#8243; _builder_version=\u00bb4.27.4&#8243; _module_preset=\u00bbdefault\u00bb global_colors_info=\u00bb{}\u00bb][et_pb_text _builder_version=\u00bb4.27.4&#8243; _module_preset=\u00bb2f7ae103-56e8-43e6-ac2d-df216f3d8ac1&#8243; custom_padding=\u00bb0px|||||\u00bb header_2_font_size_phone=\u00bb42px\u00bb global_colors_info=\u00bb{}\u00bb]<\/p>\n<h2>Reponse \u00c9clat<\/h2>\n<h2>Matis Paris<\/h2>\n<p>[\/et_pb_text][et_pb_text _builder_version=\u00bb4.27.4&#8243; _module_preset=\u00bbdefault\u00bb custom_margin=\u00bb-3px||43px|||\u00bb global_colors_info=\u00bb{}\u00bb]<\/p>\n<p>Tratamiento que act\u00faa sobre la flacidez de la zona, disminuye las arrugas que se forman en el escote y realiza un efecto lifting tensor de manera inmediata.<\/p>\n<p>[\/et_pb_text][et_pb_text _builder_version=\u00bb4.27.4&#8243; _module_preset=\u00bbdefault\u00bb text_text_color=\u00bb#8c8c8c\u00bb custom_margin=\u00bb-21px||19px|||\u00bb locked=\u00bboff\u00bb global_colors_info=\u00bb{}\u00bb]<\/p>\n<p><span>Tratamiento Flash: <\/span>30 minutos &#8211; 65\u20ac<\/p>\n<p>[\/et_pb_text][et_pb_text _builder_version=\u00bb4.27.4&#8243; _module_preset=\u00bbdefault\u00bb text_text_color=\u00bb#8c8c8c\u00bb custom_margin=\u00bb-21px||19px|||\u00bb locked=\u00bboff\u00bb global_colors_info=\u00bb{}\u00bb]<\/p>\n<p>Tratamiento con Guasha: <span>60 minutos &#8211; 115\u20ac<\/span><\/p>\n<p>[\/et_pb_text][et_pb_button button_url=\u00bbhttps:\/\/wa.me\/34873452150?text=Hola%20Eva%2C%20quiero%20reservar%20el%20tratamiento%20Reponse%20%C3%89clat\u00bb button_text=\u00bbreserva tu experiencia\u00bb button_alignment=\u00bbleft\u00bb _builder_version=\u00bb4.27.4&#8243; _module_preset=\u00bb77cccd81-f1f1-4c7f-a2bd-2466ce14544a\u00bb button_text_color=\u00bb#000000&#8243; button_border_width=\u00bb2px\u00bb button_border_color=\u00bb#000000&#8243; button_border_radius=\u00bb25px\u00bb button_font=\u00bbABeeZee||||||||\u00bb button_icon=\u00bb&#x24;||divi||400&#8243; box_shadow_style=\u00bbpreset2&#8243; box_shadow_horizontal=\u00bb-6px\u00bb box_shadow_blur=\u00bb6px\u00bb global_colors_info=\u00bb{%22gcid-593669bf-7b77-45f1-89ce-cfe13309ccf8%22:%91%22button_text_color%22%93}\u00bb][\/et_pb_button][\/et_pb_column][et_pb_column type=\u00bb1_2&#8243; _builder_version=\u00bb4.27.4&#8243; _module_preset=\u00bbdefault\u00bb global_colors_info=\u00bb{}\u00bb][et_pb_image src=\u00bbhttps:\/\/ezsoulcare.com\/wp-content\/uploads\/2025\/03\/15-Reponse-Eclat.png\u00bb title_text=\u00bb15 &#8211; Reponse Eclat\u00bb _builder_version=\u00bb4.27.4&#8243; _module_preset=\u00bbdefault\u00bb width=\u00bb100%\u00bb custom_padding=\u00bb|||0px||\u00bb box_shadow_style=\u00bbpreset2&#8243; box_shadow_horizontal=\u00bb-6px\u00bb box_shadow_blur=\u00bb6px\u00bb global_colors_info=\u00bb{}\u00bb][\/et_pb_image][\/et_pb_column][\/et_pb_row][et_pb_row column_structure=\u00bb1_2,1_2&#8243; _builder_version=\u00bb4.27.4&#8243; _module_preset=\u00bbdefault\u00bb custom_padding=\u00bb40px||1px|||\u00bb global_colors_info=\u00bb{}\u00bb][et_pb_column type=\u00bb1_2&#8243; _builder_version=\u00bb4.27.4&#8243; _module_preset=\u00bbdefault\u00bb global_colors_info=\u00bb{}\u00bb][et_pb_text _builder_version=\u00bb4.27.4&#8243; _module_preset=\u00bb2f7ae103-56e8-43e6-ac2d-df216f3d8ac1&#8243; custom_padding=\u00bb0px|||||\u00bb header_2_font_size_phone=\u00bb42px\u00bb global_colors_info=\u00bb{}\u00bb]<\/p>\n<h2>Acn\u00e9 Repair<\/h2>\n<p>[\/et_pb_text][et_pb_text _builder_version=\u00bb4.27.4&#8243; _module_preset=\u00bbdefault\u00bb custom_margin=\u00bb-3px||43px|||\u00bb global_colors_info=\u00bb{}\u00bb]<\/p>\n<p>Tratamiento formulado con activos purificantes y reguladores para que aquellas pieles seborreicas y\/o con tendencia acn\u00e9ica se muestren libres de impurezas, recuperando su equilibrio natural.<\/p>\n<p>[\/et_pb_text][et_pb_text _builder_version=\u00bb4.27.4&#8243; _module_preset=\u00bbdefault\u00bb text_text_color=\u00bb#8c8c8c\u00bb custom_margin=\u00bb-21px||19px|||\u00bb locked=\u00bboff\u00bb global_colors_info=\u00bb{}\u00bb]<\/p>\n<p>60 minutos &#8211; 75\u20ac<\/p>\n<p>[\/et_pb_text][et_pb_button button_url=\u00bbhttps:\/\/wa.me\/34873452150?text=Hola%20Eva%2C%20quiero%20reservar%20el%20tratamiento%20Acn%C3%A9%20Repair\u00bb button_text=\u00bbreserva tu experiencia\u00bb button_alignment=\u00bbleft\u00bb _builder_version=\u00bb4.27.4&#8243; _module_preset=\u00bb77cccd81-f1f1-4c7f-a2bd-2466ce14544a\u00bb button_text_color=\u00bb#000000&#8243; button_border_width=\u00bb2px\u00bb button_border_color=\u00bb#000000&#8243; button_border_radius=\u00bb25px\u00bb button_font=\u00bbABeeZee||||||||\u00bb button_icon=\u00bb&#x24;||divi||400&#8243; box_shadow_style=\u00bbpreset2&#8243; box_shadow_horizontal=\u00bb-6px\u00bb box_shadow_blur=\u00bb6px\u00bb global_colors_info=\u00bb{%22gcid-593669bf-7b77-45f1-89ce-cfe13309ccf8%22:%91%22button_text_color%22%93}\u00bb][\/et_pb_button][\/et_pb_column][et_pb_column type=\u00bb1_2&#8243; _builder_version=\u00bb4.27.4&#8243; _module_preset=\u00bbdefault\u00bb global_colors_info=\u00bb{}\u00bb][et_pb_image src=\u00bbhttps:\/\/ezsoulcare.com\/wp-content\/uploads\/2025\/03\/16-acne-repair-1-scaled.jpg\u00bb title_text=\u00bb16 acne repair\u00bb _builder_version=\u00bb4.27.4&#8243; _module_preset=\u00bbdefault\u00bb width=\u00bb100%\u00bb custom_padding=\u00bb|||0px||\u00bb box_shadow_style=\u00bbpreset2&#8243; box_shadow_horizontal=\u00bb-6px\u00bb box_shadow_blur=\u00bb6px\u00bb global_colors_info=\u00bb{}\u00bb][\/et_pb_image][\/et_pb_column][\/et_pb_row][et_pb_row column_structure=\u00bb1_2,1_2&#8243; _builder_version=\u00bb4.27.4&#8243; _module_preset=\u00bbdefault\u00bb custom_padding=\u00bb40px||1px|||\u00bb global_colors_info=\u00bb{}\u00bb][et_pb_column type=\u00bb1_2&#8243; _builder_version=\u00bb4.27.4&#8243; _module_preset=\u00bbdefault\u00bb global_colors_info=\u00bb{}\u00bb][et_pb_text _builder_version=\u00bb4.27.4&#8243; _module_preset=\u00bb2f7ae103-56e8-43e6-ac2d-df216f3d8ac1&#8243; custom_padding=\u00bb0px|||||\u00bb header_2_font_size_tablet=\u00bb\u00bb header_2_font_size_phone=\u00bb34px\u00bb header_2_font_size_last_edited=\u00bbon|phone\u00bb global_colors_info=\u00bb{}\u00bb]<\/p>\n<h2>Higiene Facial Eva M\u00e1rquez<\/h2>\n<p>[\/et_pb_text][et_pb_text _builder_version=\u00bb4.27.4&#8243; _module_preset=\u00bbdefault\u00bb custom_margin=\u00bb-3px||43px|||\u00bb global_colors_info=\u00bb{}\u00bb]<\/p>\n<p>Tratamiento que consiste en realizar una <strong>profunda limpieza de la piel<\/strong> mediante una extracci\u00f3n con <strong>esp\u00e1tula ultras\u00f3nica<\/strong>, una <strong>oxigenaci\u00f3n de vapor de ozono<\/strong> y un <strong>masaje relajante,<\/strong> finalizando con una <strong>mascarilla regeneradora<\/strong> aplicada con <strong>nebulizador<\/strong>. Esta higiene facial es ideal para regenerar, iluminar y rejuvenecer la piel obteniendo resultados visibles desde la primera sesi\u00f3n.<\/p>\n<p>[\/et_pb_text][et_pb_text _builder_version=\u00bb4.27.4&#8243; _module_preset=\u00bbdefault\u00bb text_text_color=\u00bb#8c8c8c\u00bb custom_margin=\u00bb-21px||19px|||\u00bb locked=\u00bboff\u00bb global_colors_info=\u00bb{}\u00bb]<\/p>\n<p>75 minutos &#8211; 85\u20ac<\/p>\n<p>[\/et_pb_text][et_pb_button button_url=\u00bbhttps:\/\/wa.me\/34873452150?text=Hola%20Eva%2C%20quiero%20reservar%20el%20tratamiento%20Higiene%20Facial%20con%20Esp%C3%A1tula%20Ultras%C3%B3nica\u00bb button_text=\u00bbreserva tu experiencia\u00bb button_alignment=\u00bbleft\u00bb _builder_version=\u00bb4.27.4&#8243; _module_preset=\u00bb77cccd81-f1f1-4c7f-a2bd-2466ce14544a\u00bb button_text_color=\u00bb#000000&#8243; button_border_width=\u00bb2px\u00bb button_border_color=\u00bb#000000&#8243; button_border_radius=\u00bb25px\u00bb button_font=\u00bbABeeZee||||||||\u00bb button_icon=\u00bb&#x24;||divi||400&#8243; box_shadow_style=\u00bbpreset2&#8243; box_shadow_horizontal=\u00bb-6px\u00bb box_shadow_blur=\u00bb6px\u00bb global_colors_info=\u00bb{%22gcid-593669bf-7b77-45f1-89ce-cfe13309ccf8%22:%91%22button_text_color%22%93}\u00bb][\/et_pb_button][\/et_pb_column][et_pb_column type=\u00bb1_2&#8243; _builder_version=\u00bb4.27.4&#8243; _module_preset=\u00bbdefault\u00bb global_colors_info=\u00bb{}\u00bb][et_pb_image src=\u00bbhttps:\/\/ezsoulcare.com\/wp-content\/uploads\/2025\/03\/17-ESPATULA-ULTRASONICA-scaled-e1743276721612.jpeg\u00bb title_text=\u00bbWoman receiving ultrasonic skin cleansing procedure at beauty spa salon. Professional beauty salon. Health care, beauty treatment.\u00bb _builder_version=\u00bb4.27.4&#8243; _module_preset=\u00bbdefault\u00bb width=\u00bb100%\u00bb custom_padding=\u00bb|||0px||\u00bb box_shadow_style=\u00bbpreset2&#8243; box_shadow_horizontal=\u00bb-6px\u00bb box_shadow_blur=\u00bb6px\u00bb global_colors_info=\u00bb{}\u00bb][\/et_pb_image][\/et_pb_column][\/et_pb_row][et_pb_row column_structure=\u00bb1_2,1_2&#8243; disabled_on=\u00bbon|on|on\u00bb _builder_version=\u00bb4.27.4&#8243; _module_preset=\u00bbdefault\u00bb custom_padding=\u00bb40px||1px|||\u00bb disabled=\u00bbon\u00bb global_colors_info=\u00bb{}\u00bb][et_pb_column type=\u00bb1_2&#8243; _builder_version=\u00bb4.27.4&#8243; _module_preset=\u00bbdefault\u00bb global_colors_info=\u00bb{}\u00bb][et_pb_text _builder_version=\u00bb4.27.4&#8243; _module_preset=\u00bb2f7ae103-56e8-43e6-ac2d-df216f3d8ac1&#8243; custom_padding=\u00bb0px|||||\u00bb header_2_font_size_tablet=\u00bb\u00bb header_2_font_size_phone=\u00bb34px\u00bb header_2_font_size_last_edited=\u00bbon|phone\u00bb global_colors_info=\u00bb{}\u00bb]<\/p>\n<h2>Cocktail de vitaminas con Mesoterapia<\/h2>\n<p>[\/et_pb_text][et_pb_text _builder_version=\u00bb4.27.4&#8243; _module_preset=\u00bbdefault\u00bb custom_margin=\u00bb-3px||43px|||\u00bb global_colors_info=\u00bb{}\u00bb]<\/p>\n<p>Tratamiento exclusivo antienvejecimiento que combina tecnolog\u00eda de vanguardia con mesoterapia para alcanzar las capas m\u00e1s profundas de la dermis. Estimula la regeneraci\u00f3n celular desde el interior, mejora la firmeza y elasticidad del rostro y aten\u00faa los signos visibles del envejecimiento.\u00a0<\/p>\n<p>[\/et_pb_text][et_pb_text _builder_version=\u00bb4.27.4&#8243; _module_preset=\u00bbdefault\u00bb text_text_color=\u00bb#8c8c8c\u00bb custom_margin=\u00bb-21px||19px|||\u00bb locked=\u00bboff\u00bb global_colors_info=\u00bb{}\u00bb]<\/p>\n<p>60 minutos &#8211; 190\u20ac<\/p>\n<p>[\/et_pb_text][et_pb_button button_url=\u00bbhttps:\/\/wa.me\/34873452150?text=Hola%20Eva%2C%20quiero%20reservar%20el%20tratamiento%20Higiene%20Facial%20con%20Esp%C3%A1tula%20Ultras%C3%B3nica\u00bb button_text=\u00bbreserva tu experiencia\u00bb button_alignment=\u00bbleft\u00bb _builder_version=\u00bb4.27.4&#8243; _module_preset=\u00bb77cccd81-f1f1-4c7f-a2bd-2466ce14544a\u00bb button_text_color=\u00bb#000000&#8243; button_border_width=\u00bb2px\u00bb button_border_color=\u00bb#000000&#8243; button_border_radius=\u00bb25px\u00bb button_font=\u00bbABeeZee||||||||\u00bb button_icon=\u00bb&#x24;||divi||400&#8243; box_shadow_style=\u00bbpreset2&#8243; box_shadow_horizontal=\u00bb-6px\u00bb box_shadow_blur=\u00bb6px\u00bb global_colors_info=\u00bb{%22gcid-593669bf-7b77-45f1-89ce-cfe13309ccf8%22:%91%22button_text_color%22%93}\u00bb][\/et_pb_button][\/et_pb_column][et_pb_column type=\u00bb1_2&#8243; _builder_version=\u00bb4.27.4&#8243; _module_preset=\u00bbdefault\u00bb global_colors_info=\u00bb{}\u00bb][et_pb_image src=\u00bbhttps:\/\/ezsoulcare.com\/wp-content\/uploads\/2025\/03\/17-ESPATULA-ULTRASONICA-scaled-e1743276721612.jpeg\u00bb title_text=\u00bbWoman receiving ultrasonic skin cleansing procedure at beauty spa salon. Professional beauty salon. Health care, beauty treatment.\u00bb _builder_version=\u00bb4.27.4&#8243; _module_preset=\u00bbdefault\u00bb width=\u00bb100%\u00bb custom_padding=\u00bb|||0px||\u00bb box_shadow_style=\u00bbpreset2&#8243; box_shadow_horizontal=\u00bb-6px\u00bb box_shadow_blur=\u00bb6px\u00bb global_colors_info=\u00bb{}\u00bb][\/et_pb_image][\/et_pb_column][\/et_pb_row][\/et_pb_section][et_pb_section fb_built=\u00bb1&#8243; custom_padding_last_edited=\u00bbon|phone\u00bb admin_label=\u00bbServices\u00bb _builder_version=\u00bb4.27.4&#8243; _module_preset=\u00bbdefault\u00bb background_color=\u00bbgcid-904649ba-8489-45ef-bc4d-794bd4d0fcba\u00bb custom_padding=\u00bb14px||150px|||\u00bb custom_padding_tablet=\u00bb14px||150px|||\u00bb custom_padding_phone=\u00bb||0px||false|false\u00bb collapsed=\u00bbon\u00bb global_colors_info=\u00bb{%22gcid-904649ba-8489-45ef-bc4d-794bd4d0fcba%22:%91%22background_color%22%93}\u00bb][et_pb_row _builder_version=\u00bb4.27.2&#8243; _module_preset=\u00bbdefault\u00bb custom_padding=\u00bb6px||3px|||\u00bb global_colors_info=\u00bb{}\u00bb][et_pb_column type=\u00bb4_4&#8243; _builder_version=\u00bb4.20.0&#8243; _module_preset=\u00bbdefault\u00bb global_colors_info=\u00bb{}\u00bb][et_pb_text _builder_version=\u00bb4.27.4&#8243; _module_preset=\u00bbb82df13d-c183-44b6-b197-1e9b1215f124&#8243; header_2_font=\u00bb|600|||||||\u00bb header_2_font_size=\u00bb65px\u00bb width=\u00bb100%\u00bb custom_margin=\u00bb||34px|||\u00bb custom_padding=\u00bb||0px|||\u00bb header_2_font_size_tablet=\u00bb65px\u00bb header_2_font_size_phone=\u00bb42px\u00bb header_2_font_size_last_edited=\u00bbon|phone\u00bb locked=\u00bboff\u00bb global_colors_info=\u00bb{}\u00bb]<\/p>\n<h2>Conoce todos los tratamientos personalizados que ofrecemos<\/h2>\n<p>[\/et_pb_text][et_pb_text _builder_version=\u00bb4.27.3&#8243; _module_preset=\u00bbe2449dfe-c841-4bf6-bcc1-2f5083a2ae2b\u00bb text_font=\u00bb&#8211;et_global_heading_font||||||||\u00bb text_text_color=\u00bb#000000&#8243; text_font_size=\u00bb23px\u00bb global_colors_info=\u00bb{}\u00bb]<\/p>\n<p>En Eva M\u00e1rquez Soulcare aplicamos nuestra metodolog\u00eda personalizada con la que nos adaptamos a todos los tipos de cuerpos, pieles y necesidades. Cada persona tiene una piel diferente, un cuerpo distinto y unas necesidades muy espec\u00edficas, y por eso en EZ Soulcare contamos con la mayor gama de tratamientos, productos y aparatolog\u00eda con la que garantizar el mayor nivel de bienestar tras cada tratamiento.<\/p>\n<p>&nbsp;<\/p>\n<p>[\/et_pb_text][\/et_pb_column][\/et_pb_row][et_pb_row column_structure=\u00bb1_3,1_3,1_3&#8243; use_custom_gutter=\u00bbon\u00bb gutter_width=\u00bb2&#8243; make_equal=\u00bbon\u00bb _builder_version=\u00bb4.27.4&#8243; _module_preset=\u00bbdefault\u00bb background_enable_color=\u00bboff\u00bb background_blend=\u00bbsoft-light\u00bb z_index=\u00bb9&#8243; custom_margin=\u00bb5px|auto||auto||\u00bb custom_padding=\u00bb0px||0px||true|false\u00bb custom_css_free_form=\u00bb.selector .et_pb_column {||  margin-right: 10px;||}\u00bb border_width_all=\u00bb1px\u00bb border_color_all=\u00bbRGBA(255,255,255,0)\u00bb global_colors_info=\u00bb{%22gcid-904649ba-8489-45ef-bc4d-794bd4d0fcba%22:%91%22background_color%22%93}\u00bb][et_pb_column type=\u00bb1_3&#8243; _builder_version=\u00bb4.27.4&#8243; _module_preset=\u00bbdefault\u00bb background_color=\u00bbrgba(0,0,0,0.15)\u00bb background_image=\u00bbhttps:\/\/ezsoulcare.com\/wp-content\/uploads\/2024\/11\/faciales.png\u00bb background_blend=\u00bbsoft-light\u00bb transform_scale_last_edited=\u00bboff|desktop\u00bb transform_translate_last_edited=\u00bboff|desktop\u00bb transform_rotate_last_edited=\u00bboff|desktop\u00bb transform_skew_last_edited=\u00bboff|desktop\u00bb transform_origin_last_edited=\u00bboff|desktop\u00bb transform_styles_last_edited=\u00bboff|desktop\u00bb z_index=\u00bb500&#8243; custom_padding=\u00bb60px|30px|60px|30px|true|true\u00bb custom_padding_tablet=\u00bb30px|30px|30px|30px|true|true\u00bb custom_padding_phone=\u00bb20px|20px|20px|20px|true|true\u00bb custom_padding_last_edited=\u00bbon|tablet\u00bb link_option_url=\u00bbhttps:\/\/ezsoulcare.com\/tratamientos-faciales\/\u00bb border_color_all=\u00bbgcid-97182601-61ab-4626-954a-29b0757ae92a\u00bb border_width_right=\u00bb1px\u00bb border_width_left=\u00bb1px\u00bb box_shadow_style=\u00bbpreset2&#8243; box_shadow_position_tablet=\u00bb\u00bb box_shadow_position_phone=\u00bbouter\u00bb box_shadow_position_last_edited=\u00bbon|phone\u00bb global_colors_info=\u00bb{%22gcid-primary-color%22:%91%22border_color_all%22%93,%22gcid-97182601-61ab-4626-954a-29b0757ae92a%22:%91%22border_color_all%22%93}\u00bb transform_styles__hover_enabled=\u00bboff|desktop\u00bb transform_scale__hover=\u00bb110%|110%\u00bb transform_scale__hover_enabled=\u00bboff|desktop\u00bb transform_translate__hover_enabled=\u00bboff|desktop\u00bb transform_rotate__hover_enabled=\u00bboff|desktop\u00bb transform_skew__hover_enabled=\u00bboff|desktop\u00bb transform_origin__hover_enabled=\u00bboff|desktop\u00bb background__hover_enabled=\u00bboff|desktop\u00bb][et_pb_text _builder_version=\u00bb4.27.0&#8243; _module_preset=\u00bb4caa7221-a497-478d-a414-2e158ee4655b\u00bb module_alignment=\u00bbcenter\u00bb custom_margin=\u00bb20px||10px||false|false\u00bb custom_padding=\u00bb157px|||||\u00bb locked=\u00bboff\u00bb global_colors_info=\u00bb{}\u00bb]<\/p>\n<h4 style=\"text-align: center;\"><span style=\"color: #ffffff; font-size: xx-large;\">Tratamientos Faciales<\/span><\/h4>\n<p>[\/et_pb_text][et_pb_text _builder_version=\u00bb4.27.4&#8243; _module_preset=\u00bb9c78b1c2-5c58-4ed7-8f6e-ddb7b92bffed\u00bb text_font=\u00bb&#8211;et_global_heading_font||||||||\u00bb text_text_color=\u00bb#FFFFFF\u00bb text_orientation=\u00bbcenter\u00bb locked=\u00bboff\u00bb global_colors_info=\u00bb{}\u00bb]<\/p>\n<p>Desde higienes faciales a tratamientos con caviar franc\u00e9s, contamos con una extensa carta de tratamientos faciales.<\/p>\n<p>[\/et_pb_text][et_pb_button button_url=\u00bb@ET-DC@eyJkeW5hbWljIjp0cnVlLCJjb250ZW50IjoicG9zdF9saW5rX3VybF9wYWdlIiwic2V0dGluZ3MiOnsicG9zdF9pZCI6IjI2NiJ9fQ==@\u00bb button_text=\u00bbcarta de faciales\u00bb button_alignment=\u00bbcenter\u00bb _builder_version=\u00bb4.27.7&#8243; _dynamic_attributes=\u00bbbutton_url\u00bb _module_preset=\u00bbc1ae0fc9-bd93-4a1c-bfeb-65ddc7f1ccdd\u00bb button_text_size=\u00bb13px\u00bb button_text_color=\u00bb#FFFFFF\u00bb button_border_width=\u00bb2px\u00bb button_border_color=\u00bb#FFFFFF\u00bb button_border_radius=\u00bb25px\u00bb button_letter_spacing=\u00bb0.1em\u00bb button_font=\u00bbABeeZee||||||||\u00bb button_icon=\u00bb&#x24;||divi||400&#8243; button_on_hover=\u00bboff\u00bb custom_margin=\u00bb20px||||false|false\u00bb hover_enabled=\u00bb0&#8243; locked=\u00bboff\u00bb global_colors_info=\u00bb{}\u00bb sticky_enabled=\u00bb0&#8243;][\/et_pb_button][\/et_pb_column][et_pb_column type=\u00bb1_3&#8243; _builder_version=\u00bb4.27.4&#8243; _module_preset=\u00bbdefault\u00bb background_color=\u00bbrgba(0,0,0,0.15)\u00bb background_image=\u00bbhttps:\/\/ezsoulcare.com\/wp-content\/uploads\/2025\/03\/5-detox-soulcare-scaled.jpeg\u00bb background_blend=\u00bbsoft-light\u00bb z_index=\u00bb500&#8243; custom_padding=\u00bb60px|30px|60px|30px|true|true\u00bb custom_padding_tablet=\u00bb30px|30px|30px|30px|true|true\u00bb custom_padding_phone=\u00bb20px|20px|20px|20px|true|true\u00bb custom_padding_last_edited=\u00bbon|tablet\u00bb link_option_url=\u00bbhttps:\/\/ezsoulcare.com\/nuestros-tratamientos-corporales\/\u00bb background_last_edited=\u00bboff|desktop\u00bb background_enable_color_phone=\u00bboff\u00bb use_background_color_gradient_phone=\u00bboff\u00bb background_color_gradient_overlays_image_phone=\u00bboff\u00bb border_color_all=\u00bbgcid-97182601-61ab-4626-954a-29b0757ae92a\u00bb border_width_right=\u00bb1px\u00bb border_width_left=\u00bb1px\u00bb box_shadow_style=\u00bbpreset2&#8243; global_colors_info=\u00bb{%22gcid-primary-color%22:%91%22border_color_all%22%93,%22gcid-97182601-61ab-4626-954a-29b0757ae92a%22:%91%22border_color_all%22%93}\u00bb transform_styles__hover_enabled=\u00bboff|desktop\u00bb transform_scale__hover=\u00bb110%|110%\u00bb transform_scale__hover_enabled=\u00bboff|desktop\u00bb transform_translate__hover_enabled=\u00bboff|desktop\u00bb transform_rotate__hover_enabled=\u00bboff|desktop\u00bb transform_skew__hover_enabled=\u00bboff|desktop\u00bb transform_origin__hover_enabled=\u00bboff|desktop\u00bb background__hover_enabled=\u00bboff|desktop\u00bb][et_pb_text _builder_version=\u00bb4.27.0&#8243; _module_preset=\u00bb4caa7221-a497-478d-a414-2e158ee4655b\u00bb module_alignment=\u00bbcenter\u00bb custom_margin=\u00bb20px||10px||false|false\u00bb custom_padding=\u00bb160px|||||\u00bb locked=\u00bboff\u00bb global_colors_info=\u00bb{}\u00bb]<\/p>\n<h4 style=\"text-align: center;\"><span style=\"color: #ffffff; font-size: xx-large;\">Tratamientos Corporales<\/span><\/h4>\n<p>[\/et_pb_text][et_pb_text _builder_version=\u00bb4.27.4&#8243; _module_preset=\u00bb9c78b1c2-5c58-4ed7-8f6e-ddb7b92bffed\u00bb text_font=\u00bb&#8211;et_global_heading_font||||||||\u00bb text_text_color=\u00bb#FFFFFF\u00bb text_orientation=\u00bbcenter\u00bb locked=\u00bboff\u00bb global_colors_info=\u00bb{}\u00bb]<\/p>\n<p>Disfruta de drenajes linf\u00e1ticos y tratamientos antigrasa con los que tu cuerpo pierde la grasa y se estiliza.<\/p>\n<p>[\/et_pb_text][et_pb_button button_url=\u00bb@ET-DC@eyJkeW5hbWljIjp0cnVlLCJjb250ZW50IjoicG9zdF9saW5rX3VybF9wYWdlIiwic2V0dGluZ3MiOnsicG9zdF9pZCI6IjQ2NyJ9fQ==@\u00bb button_text=\u00bbcarta de corporales\u00bb button_alignment=\u00bbcenter\u00bb _builder_version=\u00bb4.27.7&#8243; _dynamic_attributes=\u00bbbutton_url\u00bb _module_preset=\u00bbc1ae0fc9-bd93-4a1c-bfeb-65ddc7f1ccdd\u00bb button_text_size=\u00bb13px\u00bb button_text_color=\u00bb#FFFFFF\u00bb button_border_width=\u00bb2px\u00bb button_border_color=\u00bb#FFFFFF\u00bb button_border_radius=\u00bb25px\u00bb button_letter_spacing=\u00bb0.1em\u00bb button_font=\u00bbABeeZee||||||||\u00bb button_icon=\u00bb&#x24;||divi||400&#8243; button_on_hover=\u00bboff\u00bb custom_margin=\u00bb20px||||false|false\u00bb hover_enabled=\u00bb0&#8243; locked=\u00bboff\u00bb global_colors_info=\u00bb{}\u00bb sticky_enabled=\u00bb0&#8243;][\/et_pb_button][\/et_pb_column][et_pb_column type=\u00bb1_3&#8243; _builder_version=\u00bb4.27.4&#8243; _module_preset=\u00bbdefault\u00bb background_color=\u00bbrgba(0,0,0,0.15)\u00bb background_image=\u00bbhttps:\/\/ezsoulcare.com\/wp-content\/uploads\/2024\/11\/MASAJES.png\u00bb background_blend=\u00bbsoft-light\u00bb z_index=\u00bb500&#8243; custom_padding=\u00bb60px|30px|60px|30px|true|true\u00bb custom_padding_tablet=\u00bb30px|30px|30px|30px|true|true\u00bb custom_padding_phone=\u00bb20px|20px|20px|20px|true|true\u00bb custom_padding_last_edited=\u00bbon|tablet\u00bb link_option_url=\u00bbhttps:\/\/ezsoulcare.com\/nuestros-masajes\/\u00bb border_width_all=\u00bb2px\u00bb border_color_all=\u00bbgcid-primary-color\u00bb border_width_right=\u00bb1px\u00bb border_width_left=\u00bb1px\u00bb box_shadow_style=\u00bbpreset2&#8243; global_colors_info=\u00bb{%22gcid-primary-color%22:%91%22border_color_all%22%93}\u00bb background__hover_enabled=\u00bboff|desktop\u00bb transform_styles__hover_enabled=\u00bboff|desktop\u00bb transform_scale__hover_enabled=\u00bboff|desktop\u00bb transform_translate__hover_enabled=\u00bboff|desktop\u00bb transform_rotate__hover_enabled=\u00bboff|desktop\u00bb transform_skew__hover_enabled=\u00bboff|desktop\u00bb transform_origin__hover_enabled=\u00bboff|desktop\u00bb transform_scale__hover=\u00bb110%|110%\u00bb][et_pb_text _builder_version=\u00bb4.27.0&#8243; _module_preset=\u00bb4caa7221-a497-478d-a414-2e158ee4655b\u00bb module_alignment=\u00bbcenter\u00bb custom_margin=\u00bb20px||10px||false|false\u00bb custom_padding=\u00bb190px|||||\u00bb locked=\u00bboff\u00bb global_colors_info=\u00bb{}\u00bb]<\/p>\n<h4 style=\"text-align: center;\"><span style=\"color: #ffffff; font-size: xx-large;\">Masajes<\/span><\/h4>\n<p>[\/et_pb_text][et_pb_text _builder_version=\u00bb4.27.4&#8243; _module_preset=\u00bb9c78b1c2-5c58-4ed7-8f6e-ddb7b92bffed\u00bb text_font=\u00bb&#8211;et_global_heading_font||||||||\u00bb text_text_color=\u00bb#FFFFFF\u00bb text_orientation=\u00bbcenter\u00bb locked=\u00bboff\u00bb global_colors_info=\u00bb{}\u00bb]<\/p>\n<p style=\"text-align: center;\">Disfruta de masajes relajantes, descontracturantes y exclusivos para regenerar tu cuerpo y aliviar el estr\u00e9s.\u00a0<\/p>\n<p>[\/et_pb_text][et_pb_button button_url=\u00bb@ET-DC@eyJkeW5hbWljIjp0cnVlLCJjb250ZW50IjoicG9zdF9saW5rX3VybF9wYWdlIiwic2V0dGluZ3MiOnsicG9zdF9pZCI6IjQ3MSJ9fQ==@\u00bb button_text=\u00bbcarta de masajes\u00bb button_alignment=\u00bbcenter\u00bb _builder_version=\u00bb4.27.7&#8243; _dynamic_attributes=\u00bbbutton_url\u00bb _module_preset=\u00bbc1ae0fc9-bd93-4a1c-bfeb-65ddc7f1ccdd\u00bb button_text_size=\u00bb13px\u00bb button_text_color=\u00bb#FFFFFF\u00bb button_border_width=\u00bb2px\u00bb button_border_color=\u00bb#FFFFFF\u00bb button_border_radius=\u00bb25px\u00bb button_letter_spacing=\u00bb0.1em\u00bb button_font=\u00bbABeeZee||||||||\u00bb button_icon=\u00bb&#x24;||divi||400&#8243; button_on_hover=\u00bboff\u00bb custom_margin=\u00bb20px||||false|false\u00bb hover_enabled=\u00bb0&#8243; locked=\u00bboff\u00bb global_colors_info=\u00bb{}\u00bb sticky_enabled=\u00bb0&#8243;][\/et_pb_button][\/et_pb_column][\/et_pb_row][\/et_pb_section][et_pb_section fb_built=\u00bb1&#8243; _builder_version=\u00bb4.27.2&#8243; _module_preset=\u00bbdefault\u00bb background_color=\u00bbgcid-904649ba-8489-45ef-bc4d-794bd4d0fcba\u00bb custom_padding=\u00bb6px|||||\u00bb global_colors_info=\u00bb{%22gcid-904649ba-8489-45ef-bc4d-794bd4d0fcba%22:%91%22background_color%22%93}\u00bb][et_pb_row _builder_version=\u00bb4.27.2&#8243; _module_preset=\u00bbdefault\u00bb global_colors_info=\u00bb{}\u00bb][et_pb_column type=\u00bb4_4&#8243; _builder_version=\u00bb4.27.2&#8243; _module_preset=\u00bbdefault\u00bb global_colors_info=\u00bb{}\u00bb][et_pb_text _builder_version=\u00bb4.27.4&#8243; _module_preset=\u00bbb82df13d-c183-44b6-b197-1e9b1215f124&#8243; header_2_font=\u00bb|600|||||||\u00bb header_2_font_size=\u00bb65px\u00bb custom_margin=\u00bb||-5px|||\u00bb custom_padding=\u00bb||37px|||\u00bb header_2_font_size_tablet=\u00bb65px\u00bb header_2_font_size_phone=\u00bb40px\u00bb header_2_font_size_last_edited=\u00bbon|phone\u00bb locked=\u00bboff\u00bb global_colors_info=\u00bb{}\u00bb]<\/p>\n<h2>La opini\u00f3n de nuestros clientes es nuestra mayor satisfacci\u00f3n<\/h2>\n<p>[\/et_pb_text][et_pb_code _builder_version=\u00bb4.27.2&#8243; _module_preset=\u00bbdefault\u00bb custom_margin=\u00bb35px|||||\u00bb global_colors_info=\u00bb{}\u00bb]<pre class=\"ti-widget\" style=\"display: none\"><template id=\"trustindex-google-widget-html\"><div class=\" ti-widget  ti-goog ti-disable-font ti-review-text-mode-readmore ti-text-align-left\" data-no-translation=\"true\" data-time-locale=\"hace %d %s|hoy|d\u00eda|d\u00edas|semana|semanas|mes|meses|a\u00f1o|a\u00f1os\" data-plugin-version=\"13.3.2\" data-layout-id=\"4\" data-layout-category=\"slider\" data-set-id=\"light-background\" data-pid=\"\" data-language=\"es\" data-close-locale=\"Cerca\" data-review-target-width=\"300\" data-css-version=\"2\" data-reply-by-locale=\"Respuesta del propietario\" data-only-rating-locale=\"Este usuario solo dej\u00f3 una calificaci\u00f3n.\" data-pager-autoplay-timeout=\"6\"> <div class=\"ti-widget-container ti-col-3\"> <div class=\"ti-reviews-container\"> <div class=\"ti-controls\"> <div class=\"ti-next\" aria-label=\"Siguiente rese\u00f1a\" role=\"button\" tabindex=\"0\"><\/div> <div class=\"ti-prev\" aria-label=\"Rese\u00f1a anterior\" role=\"button\" tabindex=\"0\"><\/div> <\/div> <div class=\"ti-reviews-container-wrapper\">  <div data-empty=\"0\" data-time=\"1785024000\" class=\"ti-review-item source-Google ti-image-layout-thumbnail\" data-id=\"cfcd208495d565ef66e7dff9f98764da\" data-language=\"\"> <div class=\"ti-inner\"> <div class=\"ti-review-header\"> <div class=\"ti-platform-icon ti-with-tooltip\"> <span class=\"ti-tooltip\">Publicado en Google<\/span> <trustindex-image data-imgurl=\"https:\/\/cdn.trustindex.io\/assets\/platform\/Google\/icon.svg\" alt=\"Google\" width=\"20\" height=\"20\" loading=\"lazy\"><\/trustindex-image> <\/div> <div class=\"ti-profile-img\"> <trustindex-image data-imgurl=\"https:\/\/lh3.googleusercontent.com\/a\/ACg8ocLWi7n_oVa7HAEAJDySPWDmeKnhWP4xJk1tDK8r0SnCWwYB0w=w40-h40-c-rp-mo-br100\" alt=\"Merizas@gmail.com Zas profile picture\" loading=\"lazy\"><\/trustindex-image> <\/div> <div class=\"ti-profile-details\"> <div class=\"ti-name\"> Merizas@gmail.com Zas <\/div> <div class=\"ti-date\"><\/div> <\/div> <\/div> <span class=\"ti-stars\"><trustindex-image class=\"ti-star\" data-imgurl=\"https:\/\/cdn.trustindex.io\/assets\/platform\/Google\/star\/f.svg\" alt=\"Google star 1\" width=\"17\" height=\"17\" loading=\"lazy\"><\/trustindex-image><trustindex-image class=\"ti-star\" data-imgurl=\"https:\/\/cdn.trustindex.io\/assets\/platform\/Google\/star\/f.svg\" alt=\"Google star 2\" width=\"17\" height=\"17\" loading=\"lazy\"><\/trustindex-image><trustindex-image class=\"ti-star\" data-imgurl=\"https:\/\/cdn.trustindex.io\/assets\/platform\/Google\/star\/f.svg\" alt=\"Google star 3\" width=\"17\" height=\"17\" loading=\"lazy\"><\/trustindex-image><trustindex-image class=\"ti-star\" data-imgurl=\"https:\/\/cdn.trustindex.io\/assets\/platform\/Google\/star\/f.svg\" alt=\"Google star 4\" width=\"17\" height=\"17\" loading=\"lazy\"><\/trustindex-image><trustindex-image class=\"ti-star\" data-imgurl=\"https:\/\/cdn.trustindex.io\/assets\/platform\/Google\/star\/f.svg\" alt=\"Google star 5\" width=\"17\" height=\"17\" loading=\"lazy\"><\/trustindex-image><span class=\"ti-verified-review ti-verified-platform\"><span class=\"ti-verified-tooltip\">Trustindex verifica que la fuente original de la rese\u00f1a sea Google.<\/span><\/span><\/span> <div class=\"ti-review-text-container ti-review-content\"><!-- R-CONTENT -->Masaje facial con radiofrecuencia Indiba, se nota la diferencia en la piel desde la primera sesi\u00f3n y Eva toda una profesional, tiene unas manos que s\u00f3n una maravilla. La recomiendo totalmente.<!-- R-CONTENT --><\/div> <span class=\"ti-read-more\" data-container=\".ti-review-content\" data-collapse-text=\"Ocultar\" data-open-text=\"Leer m\u00e1s\"><\/span> <\/div> <\/div>  <div data-empty=\"0\" data-time=\"1784073600\" class=\"ti-review-item source-Google ti-image-layout-thumbnail\" data-id=\"cfcd208495d565ef66e7dff9f98764da\" data-language=\"\"> <div class=\"ti-inner\"> <div class=\"ti-review-header\"> <div class=\"ti-platform-icon ti-with-tooltip\"> <span class=\"ti-tooltip\">Publicado en Google<\/span> <trustindex-image data-imgurl=\"https:\/\/cdn.trustindex.io\/assets\/platform\/Google\/icon.svg\" alt=\"Google\" width=\"20\" height=\"20\" loading=\"lazy\"><\/trustindex-image> <\/div> <div class=\"ti-profile-img\"> <trustindex-image data-imgurl=\"https:\/\/lh3.googleusercontent.com\/a\/ACg8ocK9rEPDKI-IOwf1qwu4ImPbK8lPm3IDLRRwNI3Kw-4eQAqLvg=w40-h40-c-rp-mo-br100\" alt=\"Soraya Andrea profile picture\" loading=\"lazy\"><\/trustindex-image> <\/div> <div class=\"ti-profile-details\"> <div class=\"ti-name\"> Soraya Andrea <\/div> <div class=\"ti-date\"><\/div> <\/div> <\/div> <span class=\"ti-stars\"><trustindex-image class=\"ti-star\" data-imgurl=\"https:\/\/cdn.trustindex.io\/assets\/platform\/Google\/star\/f.svg\" alt=\"Google star 1\" width=\"17\" height=\"17\" loading=\"lazy\"><\/trustindex-image><trustindex-image class=\"ti-star\" data-imgurl=\"https:\/\/cdn.trustindex.io\/assets\/platform\/Google\/star\/f.svg\" alt=\"Google star 2\" width=\"17\" height=\"17\" loading=\"lazy\"><\/trustindex-image><trustindex-image class=\"ti-star\" data-imgurl=\"https:\/\/cdn.trustindex.io\/assets\/platform\/Google\/star\/f.svg\" alt=\"Google star 3\" width=\"17\" height=\"17\" loading=\"lazy\"><\/trustindex-image><trustindex-image class=\"ti-star\" data-imgurl=\"https:\/\/cdn.trustindex.io\/assets\/platform\/Google\/star\/f.svg\" alt=\"Google star 4\" width=\"17\" height=\"17\" loading=\"lazy\"><\/trustindex-image><trustindex-image class=\"ti-star\" data-imgurl=\"https:\/\/cdn.trustindex.io\/assets\/platform\/Google\/star\/f.svg\" alt=\"Google star 5\" width=\"17\" height=\"17\" loading=\"lazy\"><\/trustindex-image><span class=\"ti-verified-review ti-verified-platform\"><span class=\"ti-verified-tooltip\">Trustindex verifica que la fuente original de la rese\u00f1a sea Google.<\/span><\/span><\/span> <div class=\"ti-review-text-container ti-review-content\"><!-- R-CONTENT -->Me hice una limpieza facial profunda y la verdad es que bastante bien. Al salir ten\u00eda la piel mucho m\u00e1s limpia y suave, se nota bastante el cambio. La parte de la extracci\u00f3n molesta un poco, pero es normal. En general, buen trato y todo muy correcto. Seguramente repetir\u00e9\u263a\ufe0f<!-- R-CONTENT --><\/div> <span class=\"ti-read-more\" data-container=\".ti-review-content\" data-collapse-text=\"Ocultar\" data-open-text=\"Leer m\u00e1s\"><\/span> <\/div> <\/div>  <div data-empty=\"0\" data-time=\"1782086400\" class=\"ti-review-item source-Google ti-image-layout-thumbnail\" data-id=\"cfcd208495d565ef66e7dff9f98764da\" data-language=\"\"> <div class=\"ti-inner\"> <div class=\"ti-review-header\"> <div class=\"ti-platform-icon ti-with-tooltip\"> <span class=\"ti-tooltip\">Publicado en Google<\/span> <trustindex-image data-imgurl=\"https:\/\/cdn.trustindex.io\/assets\/platform\/Google\/icon.svg\" alt=\"Google\" width=\"20\" height=\"20\" loading=\"lazy\"><\/trustindex-image> <\/div> <div class=\"ti-profile-img\"> <trustindex-image data-imgurl=\"https:\/\/lh3.googleusercontent.com\/a\/ACg8ocKFIl1W_OyPZ8anRhWrWpqFBdwm1ueSWbnbXVKxp-dxEDCwpQ=w40-h40-c-rp-mo-br100\" alt=\"A. Ledo profile picture\" loading=\"lazy\"><\/trustindex-image> <\/div> <div class=\"ti-profile-details\"> <div class=\"ti-name\"> A. Ledo <\/div> <div class=\"ti-date\"><\/div> <\/div> <\/div> <span class=\"ti-stars\"><trustindex-image class=\"ti-star\" data-imgurl=\"https:\/\/cdn.trustindex.io\/assets\/platform\/Google\/star\/f.svg\" alt=\"Google star 1\" width=\"17\" height=\"17\" loading=\"lazy\"><\/trustindex-image><trustindex-image class=\"ti-star\" data-imgurl=\"https:\/\/cdn.trustindex.io\/assets\/platform\/Google\/star\/f.svg\" alt=\"Google star 2\" width=\"17\" height=\"17\" loading=\"lazy\"><\/trustindex-image><trustindex-image class=\"ti-star\" data-imgurl=\"https:\/\/cdn.trustindex.io\/assets\/platform\/Google\/star\/f.svg\" alt=\"Google star 3\" width=\"17\" height=\"17\" loading=\"lazy\"><\/trustindex-image><trustindex-image class=\"ti-star\" data-imgurl=\"https:\/\/cdn.trustindex.io\/assets\/platform\/Google\/star\/f.svg\" alt=\"Google star 4\" width=\"17\" height=\"17\" loading=\"lazy\"><\/trustindex-image><trustindex-image class=\"ti-star\" data-imgurl=\"https:\/\/cdn.trustindex.io\/assets\/platform\/Google\/star\/f.svg\" alt=\"Google star 5\" width=\"17\" height=\"17\" loading=\"lazy\"><\/trustindex-image><span class=\"ti-verified-review ti-verified-platform\"><span class=\"ti-verified-tooltip\">Trustindex verifica que la fuente original de la rese\u00f1a sea Google.<\/span><\/span><\/span> <div class=\"ti-review-text-container ti-review-content\"><!-- R-CONTENT -->Excelente experiencia. Quiero destacar la amabilidad y profesionalidad de Eva, que me hizo sentir c\u00f3moda y bien atendida en todo momento. El masaje fue maravilloso, muy relajante y realizado con gran cuidado. Adem\u00e1s, me explico detalladamente todas las cremas y productos recomendados para m\u00ed que son de excelente calidad. Se nota la dedicaci\u00f3n y el conocimiento con el que trabaja. Sin duda, un centro totalmente recomendable. \u00a1Volver\u00e9!<!-- R-CONTENT --><\/div> <span class=\"ti-read-more\" data-container=\".ti-review-content\" data-collapse-text=\"Ocultar\" data-open-text=\"Leer m\u00e1s\"><\/span> <\/div> <\/div>  <div data-empty=\"0\" data-time=\"1781049600\" class=\"ti-review-item source-Google ti-image-layout-thumbnail\" data-id=\"cfcd208495d565ef66e7dff9f98764da\" data-language=\"\"> <div class=\"ti-inner\"> <div class=\"ti-review-header\"> <div class=\"ti-platform-icon ti-with-tooltip\"> <span class=\"ti-tooltip\">Publicado en Google<\/span> <trustindex-image data-imgurl=\"https:\/\/cdn.trustindex.io\/assets\/platform\/Google\/icon.svg\" alt=\"Google\" width=\"20\" height=\"20\" loading=\"lazy\"><\/trustindex-image> <\/div> <div class=\"ti-profile-img\"> <trustindex-image data-imgurl=\"https:\/\/lh3.googleusercontent.com\/a\/ACg8ocIsn1OmV6OhmKYylb5MmUaaIw7zTf0vGyJzeen6U2UC_SNpMw=w40-h40-c-rp-mo-br100\" alt=\"Rodolfo Lopez profile picture\" loading=\"lazy\"><\/trustindex-image> <\/div> <div class=\"ti-profile-details\"> <div class=\"ti-name\"> Rodolfo Lopez <\/div> <div class=\"ti-date\"><\/div> <\/div> <\/div> <span class=\"ti-stars\"><trustindex-image class=\"ti-star\" data-imgurl=\"https:\/\/cdn.trustindex.io\/assets\/platform\/Google\/star\/f.svg\" alt=\"Google star 1\" width=\"17\" height=\"17\" loading=\"lazy\"><\/trustindex-image><trustindex-image class=\"ti-star\" data-imgurl=\"https:\/\/cdn.trustindex.io\/assets\/platform\/Google\/star\/f.svg\" alt=\"Google star 2\" width=\"17\" height=\"17\" loading=\"lazy\"><\/trustindex-image><trustindex-image class=\"ti-star\" data-imgurl=\"https:\/\/cdn.trustindex.io\/assets\/platform\/Google\/star\/f.svg\" alt=\"Google star 3\" width=\"17\" height=\"17\" loading=\"lazy\"><\/trustindex-image><trustindex-image class=\"ti-star\" data-imgurl=\"https:\/\/cdn.trustindex.io\/assets\/platform\/Google\/star\/f.svg\" alt=\"Google star 4\" width=\"17\" height=\"17\" loading=\"lazy\"><\/trustindex-image><trustindex-image class=\"ti-star\" data-imgurl=\"https:\/\/cdn.trustindex.io\/assets\/platform\/Google\/star\/f.svg\" alt=\"Google star 5\" width=\"17\" height=\"17\" loading=\"lazy\"><\/trustindex-image><span class=\"ti-verified-review ti-verified-platform\"><span class=\"ti-verified-tooltip\">Trustindex verifica que la fuente original de la rese\u00f1a sea Google.<\/span><\/span><\/span> <div class=\"ti-review-text-container ti-review-content\"><!-- R-CONTENT -->Excelente lugar, desde que entras ya  te da paz, Eva toda una profesional, muy atenta, ( manos m\u00e1gicas) 100 % recomendado.<!-- R-CONTENT --><\/div> <span class=\"ti-read-more\" data-container=\".ti-review-content\" data-collapse-text=\"Ocultar\" data-open-text=\"Leer m\u00e1s\"><\/span> <\/div> <\/div>  <div data-empty=\"1\" data-time=\"1773792000\" class=\"ti-review-item source-Google ti-image-layout-thumbnail\" data-id=\"cfcd208495d565ef66e7dff9f98764da\" data-language=\"\"> <div class=\"ti-inner\"> <div class=\"ti-review-header\"> <div class=\"ti-platform-icon ti-with-tooltip\"> <span class=\"ti-tooltip\">Publicado en Google<\/span> <trustindex-image data-imgurl=\"https:\/\/cdn.trustindex.io\/assets\/platform\/Google\/icon.svg\" alt=\"Google\" width=\"20\" height=\"20\" loading=\"lazy\"><\/trustindex-image> <\/div> <div class=\"ti-profile-img\"> <trustindex-image data-imgurl=\"https:\/\/lh3.googleusercontent.com\/a\/ACg8ocLbG38N1mWl-VAV6YzBDPJQCygcKpjJEoPv13MfsHCmEya_YA=w40-h40-c-rp-mo-br100\" alt=\"duver tobar profile picture\" loading=\"lazy\"><\/trustindex-image> <\/div> <div class=\"ti-profile-details\"> <div class=\"ti-name\"> duver tobar <\/div> <div class=\"ti-date\"><\/div> <\/div> <\/div> <span class=\"ti-stars\"><trustindex-image class=\"ti-star\" data-imgurl=\"https:\/\/cdn.trustindex.io\/assets\/platform\/Google\/star\/f.svg\" alt=\"Google star 1\" width=\"17\" height=\"17\" loading=\"lazy\"><\/trustindex-image><trustindex-image class=\"ti-star\" data-imgurl=\"https:\/\/cdn.trustindex.io\/assets\/platform\/Google\/star\/f.svg\" alt=\"Google star 2\" width=\"17\" height=\"17\" loading=\"lazy\"><\/trustindex-image><trustindex-image class=\"ti-star\" data-imgurl=\"https:\/\/cdn.trustindex.io\/assets\/platform\/Google\/star\/f.svg\" alt=\"Google star 3\" width=\"17\" height=\"17\" loading=\"lazy\"><\/trustindex-image><trustindex-image class=\"ti-star\" data-imgurl=\"https:\/\/cdn.trustindex.io\/assets\/platform\/Google\/star\/f.svg\" alt=\"Google star 4\" width=\"17\" height=\"17\" loading=\"lazy\"><\/trustindex-image><trustindex-image class=\"ti-star\" data-imgurl=\"https:\/\/cdn.trustindex.io\/assets\/platform\/Google\/star\/f.svg\" alt=\"Google star 5\" width=\"17\" height=\"17\" loading=\"lazy\"><\/trustindex-image><span class=\"ti-verified-review ti-verified-platform\"><span class=\"ti-verified-tooltip\">Trustindex verifica que la fuente original de la rese\u00f1a sea Google.<\/span><\/span><\/span> <div class=\"ti-review-text-container ti-review-content\"><!-- R-CONTENT --><!-- R-CONTENT --><\/div> <span class=\"ti-read-more\" data-container=\".ti-review-content\" data-collapse-text=\"Ocultar\" data-open-text=\"Leer m\u00e1s\"><\/span> <\/div> <\/div>  <div data-empty=\"0\" data-time=\"1773705600\" class=\"ti-review-item source-Google ti-image-layout-thumbnail\" data-id=\"cfcd208495d565ef66e7dff9f98764da\" data-language=\"\"> <div class=\"ti-inner\"> <div class=\"ti-review-header\"> <div class=\"ti-platform-icon ti-with-tooltip\"> <span class=\"ti-tooltip\">Publicado en Google<\/span> <trustindex-image data-imgurl=\"https:\/\/cdn.trustindex.io\/assets\/platform\/Google\/icon.svg\" alt=\"Google\" width=\"20\" height=\"20\" loading=\"lazy\"><\/trustindex-image> <\/div> <div class=\"ti-profile-img\"> <trustindex-image data-imgurl=\"https:\/\/lh3.googleusercontent.com\/a-\/ALV-UjUUkaehUaELUYFQwDVYnw5uxIkH4q1_lmk4qxkSohaX9GdFnTL1iw=w40-h40-c-rp-mo-ba12-br100\" alt=\"Elisabeth Fernandes Cardoso profile picture\" loading=\"lazy\"><\/trustindex-image> <\/div> <div class=\"ti-profile-details\"> <div class=\"ti-name\"> Elisabeth Fernandes Cardoso <\/div> <div class=\"ti-date\"><\/div> <\/div> <\/div> <span class=\"ti-stars\"><trustindex-image class=\"ti-star\" data-imgurl=\"https:\/\/cdn.trustindex.io\/assets\/platform\/Google\/star\/f.svg\" alt=\"Google star 1\" width=\"17\" height=\"17\" loading=\"lazy\"><\/trustindex-image><trustindex-image class=\"ti-star\" data-imgurl=\"https:\/\/cdn.trustindex.io\/assets\/platform\/Google\/star\/f.svg\" alt=\"Google star 2\" width=\"17\" height=\"17\" loading=\"lazy\"><\/trustindex-image><trustindex-image class=\"ti-star\" data-imgurl=\"https:\/\/cdn.trustindex.io\/assets\/platform\/Google\/star\/f.svg\" alt=\"Google star 3\" width=\"17\" height=\"17\" loading=\"lazy\"><\/trustindex-image><trustindex-image class=\"ti-star\" data-imgurl=\"https:\/\/cdn.trustindex.io\/assets\/platform\/Google\/star\/f.svg\" alt=\"Google star 4\" width=\"17\" height=\"17\" loading=\"lazy\"><\/trustindex-image><trustindex-image class=\"ti-star\" data-imgurl=\"https:\/\/cdn.trustindex.io\/assets\/platform\/Google\/star\/f.svg\" alt=\"Google star 5\" width=\"17\" height=\"17\" loading=\"lazy\"><\/trustindex-image><span class=\"ti-verified-review ti-verified-platform\"><span class=\"ti-verified-tooltip\">Trustindex verifica que la fuente original de la rese\u00f1a sea Google.<\/span><\/span><\/span> <div class=\"ti-review-text-container ti-review-content\"><!-- R-CONTENT -->Si pudiera ponerle m\u00e1s de 5 estrellas, lo har\u00eda sin pensarlo \u2728\n\nEs, sin duda, la mejor. Tiene unas manos incre\u00edbles, de esas que notas desde el primer segundo que saben exactamente lo que hace, y adem\u00e1s te hace sentir cuidada, mimada y escuchada como en ning\u00fan otro sitio.\n\nHe probado ya dos tratamientos con ella y los dos han sido simplemente espectaculares. Resultados visibles, experiencia de 10 y una sensaci\u00f3n de bienestar que engancha. El local es super bonito, pero lo que realmente marca la diferencia es c\u00f3mo se implica Eva: te recomienda productos y rutinas que de verdad te van bien (nada de vender por vender), te escucha, te entiende y adapta todo a ti. Se nota que le importa(s).\n\nSalgo siempre pensando lo mismo: que ganas de volver.\n\nSi est\u00e1s dudando\u2026 deja de hacerlo. No te vas a arrepentir \ud83d\udcab<!-- R-CONTENT --><\/div> <span class=\"ti-read-more\" data-container=\".ti-review-content\" data-collapse-text=\"Ocultar\" data-open-text=\"Leer m\u00e1s\"><\/span> <\/div> <\/div>  <div data-empty=\"1\" data-time=\"1772409600\" class=\"ti-review-item source-Google ti-image-layout-thumbnail\" data-id=\"cfcd208495d565ef66e7dff9f98764da\" data-language=\"\"> <div class=\"ti-inner\"> <div class=\"ti-review-header\"> <div class=\"ti-platform-icon ti-with-tooltip\"> <span class=\"ti-tooltip\">Publicado en Google<\/span> <trustindex-image data-imgurl=\"https:\/\/cdn.trustindex.io\/assets\/platform\/Google\/icon.svg\" alt=\"Google\" width=\"20\" height=\"20\" loading=\"lazy\"><\/trustindex-image> <\/div> <div class=\"ti-profile-img\"> <trustindex-image data-imgurl=\"https:\/\/lh3.googleusercontent.com\/a\/ACg8ocL-SUx184q7tabmeHU4gNuHo0CIYxWawD3GqaFtS6bPSc_eYA=w40-h40-c-rp-mo-br100\" alt=\"montse sinfreu profile picture\" loading=\"lazy\"><\/trustindex-image> <\/div> <div class=\"ti-profile-details\"> <div class=\"ti-name\"> montse sinfreu <\/div> <div class=\"ti-date\"><\/div> <\/div> <\/div> <span class=\"ti-stars\"><trustindex-image class=\"ti-star\" data-imgurl=\"https:\/\/cdn.trustindex.io\/assets\/platform\/Google\/star\/f.svg\" alt=\"Google star 1\" width=\"17\" height=\"17\" loading=\"lazy\"><\/trustindex-image><trustindex-image class=\"ti-star\" data-imgurl=\"https:\/\/cdn.trustindex.io\/assets\/platform\/Google\/star\/f.svg\" alt=\"Google star 2\" width=\"17\" height=\"17\" loading=\"lazy\"><\/trustindex-image><trustindex-image class=\"ti-star\" data-imgurl=\"https:\/\/cdn.trustindex.io\/assets\/platform\/Google\/star\/f.svg\" alt=\"Google star 3\" width=\"17\" height=\"17\" loading=\"lazy\"><\/trustindex-image><trustindex-image class=\"ti-star\" data-imgurl=\"https:\/\/cdn.trustindex.io\/assets\/platform\/Google\/star\/f.svg\" alt=\"Google star 4\" width=\"17\" height=\"17\" loading=\"lazy\"><\/trustindex-image><trustindex-image class=\"ti-star\" data-imgurl=\"https:\/\/cdn.trustindex.io\/assets\/platform\/Google\/star\/f.svg\" alt=\"Google star 5\" width=\"17\" height=\"17\" loading=\"lazy\"><\/trustindex-image><span class=\"ti-verified-review ti-verified-platform\"><span class=\"ti-verified-tooltip\">Trustindex verifica que la fuente original de la rese\u00f1a sea Google.<\/span><\/span><\/span> <div class=\"ti-review-text-container ti-review-content\"><!-- R-CONTENT --><!-- R-CONTENT --><\/div> <span class=\"ti-read-more\" data-container=\".ti-review-content\" data-collapse-text=\"Ocultar\" data-open-text=\"Leer m\u00e1s\"><\/span> <\/div> <\/div>  <div data-empty=\"0\" data-time=\"1772064000\" class=\"ti-review-item source-Google ti-image-layout-thumbnail\" data-id=\"cfcd208495d565ef66e7dff9f98764da\" data-language=\"\"> <div class=\"ti-inner\"> <div class=\"ti-review-header\"> <div class=\"ti-platform-icon ti-with-tooltip\"> <span class=\"ti-tooltip\">Publicado en Google<\/span> <trustindex-image data-imgurl=\"https:\/\/cdn.trustindex.io\/assets\/platform\/Google\/icon.svg\" alt=\"Google\" width=\"20\" height=\"20\" loading=\"lazy\"><\/trustindex-image> <\/div> <div class=\"ti-profile-img\"> <trustindex-image data-imgurl=\"https:\/\/lh3.googleusercontent.com\/a-\/ALV-UjXde1lfFKi9iSVIQGb-JiFsgJ1BAua9muormORn3DIPIEhR3mzy=w40-h40-c-rp-mo-ba12-br100\" alt=\"Merche Morales profile picture\" loading=\"lazy\"><\/trustindex-image> <\/div> <div class=\"ti-profile-details\"> <div class=\"ti-name\"> Merche Morales <\/div> <div class=\"ti-date\"><\/div> <\/div> <\/div> <span class=\"ti-stars\"><trustindex-image class=\"ti-star\" data-imgurl=\"https:\/\/cdn.trustindex.io\/assets\/platform\/Google\/star\/f.svg\" alt=\"Google star 1\" width=\"17\" height=\"17\" loading=\"lazy\"><\/trustindex-image><trustindex-image class=\"ti-star\" data-imgurl=\"https:\/\/cdn.trustindex.io\/assets\/platform\/Google\/star\/f.svg\" alt=\"Google star 2\" width=\"17\" height=\"17\" loading=\"lazy\"><\/trustindex-image><trustindex-image class=\"ti-star\" data-imgurl=\"https:\/\/cdn.trustindex.io\/assets\/platform\/Google\/star\/f.svg\" alt=\"Google star 3\" width=\"17\" height=\"17\" loading=\"lazy\"><\/trustindex-image><trustindex-image class=\"ti-star\" data-imgurl=\"https:\/\/cdn.trustindex.io\/assets\/platform\/Google\/star\/f.svg\" alt=\"Google star 4\" width=\"17\" height=\"17\" loading=\"lazy\"><\/trustindex-image><trustindex-image class=\"ti-star\" data-imgurl=\"https:\/\/cdn.trustindex.io\/assets\/platform\/Google\/star\/f.svg\" alt=\"Google star 5\" width=\"17\" height=\"17\" loading=\"lazy\"><\/trustindex-image><span class=\"ti-verified-review ti-verified-platform\"><span class=\"ti-verified-tooltip\">Trustindex verifica que la fuente original de la rese\u00f1a sea Google.<\/span><\/span><\/span> <div class=\"ti-review-text-container ti-review-content\"><!-- R-CONTENT -->Un ambiente muy adecuado. Bien insonorizado. Eva es muy agradable y el tratamiento estupendo. Hice un masaje relajante con reflexoterapia.<!-- R-CONTENT --><\/div> <span class=\"ti-read-more\" data-container=\".ti-review-content\" data-collapse-text=\"Ocultar\" data-open-text=\"Leer m\u00e1s\"><\/span> <\/div> <\/div>  <div data-empty=\"0\" data-time=\"1772064000\" class=\"ti-review-item source-Google ti-image-layout-thumbnail\" data-id=\"cfcd208495d565ef66e7dff9f98764da\" data-language=\"\"> <div class=\"ti-inner\"> <div class=\"ti-review-header\"> <div class=\"ti-platform-icon ti-with-tooltip\"> <span class=\"ti-tooltip\">Publicado en Google<\/span> <trustindex-image data-imgurl=\"https:\/\/cdn.trustindex.io\/assets\/platform\/Google\/icon.svg\" alt=\"Google\" width=\"20\" height=\"20\" loading=\"lazy\"><\/trustindex-image> <\/div> <div class=\"ti-profile-img\"> <trustindex-image data-imgurl=\"https:\/\/lh3.googleusercontent.com\/a\/ACg8ocKiMZkyhd9n4hBsidFe7eSWHU1y5E9gOhLM4QYown56L8JGzw=w40-h40-c-rp-mo-br100\" alt=\"Marta Sirvent Boix profile picture\" loading=\"lazy\"><\/trustindex-image> <\/div> <div class=\"ti-profile-details\"> <div class=\"ti-name\"> Marta Sirvent Boix <\/div> <div class=\"ti-date\"><\/div> <\/div> <\/div> <span class=\"ti-stars\"><trustindex-image class=\"ti-star\" data-imgurl=\"https:\/\/cdn.trustindex.io\/assets\/platform\/Google\/star\/f.svg\" alt=\"Google star 1\" width=\"17\" height=\"17\" loading=\"lazy\"><\/trustindex-image><trustindex-image class=\"ti-star\" data-imgurl=\"https:\/\/cdn.trustindex.io\/assets\/platform\/Google\/star\/f.svg\" alt=\"Google star 2\" width=\"17\" height=\"17\" loading=\"lazy\"><\/trustindex-image><trustindex-image class=\"ti-star\" data-imgurl=\"https:\/\/cdn.trustindex.io\/assets\/platform\/Google\/star\/f.svg\" alt=\"Google star 3\" width=\"17\" height=\"17\" loading=\"lazy\"><\/trustindex-image><trustindex-image class=\"ti-star\" data-imgurl=\"https:\/\/cdn.trustindex.io\/assets\/platform\/Google\/star\/f.svg\" alt=\"Google star 4\" width=\"17\" height=\"17\" loading=\"lazy\"><\/trustindex-image><trustindex-image class=\"ti-star\" data-imgurl=\"https:\/\/cdn.trustindex.io\/assets\/platform\/Google\/star\/f.svg\" alt=\"Google star 5\" width=\"17\" height=\"17\" loading=\"lazy\"><\/trustindex-image><span class=\"ti-verified-review ti-verified-platform\"><span class=\"ti-verified-tooltip\">Trustindex verifica que la fuente original de la rese\u00f1a sea Google.<\/span><\/span><\/span> <div class=\"ti-review-text-container ti-review-content\"><!-- R-CONTENT -->Tracte personalitzat i gran professionalitat.\n100% recomanable!<!-- R-CONTENT --><\/div> <span class=\"ti-read-more\" data-container=\".ti-review-content\" data-collapse-text=\"Ocultar\" data-open-text=\"Leer m\u00e1s\"><\/span> <\/div> <\/div>  <div data-empty=\"0\" data-time=\"1771891200\" class=\"ti-review-item source-Google ti-image-layout-thumbnail\" data-id=\"cfcd208495d565ef66e7dff9f98764da\" data-language=\"\"> <div class=\"ti-inner\"> <div class=\"ti-review-header\"> <div class=\"ti-platform-icon ti-with-tooltip\"> <span class=\"ti-tooltip\">Publicado en Google<\/span> <trustindex-image data-imgurl=\"https:\/\/cdn.trustindex.io\/assets\/platform\/Google\/icon.svg\" alt=\"Google\" width=\"20\" height=\"20\" loading=\"lazy\"><\/trustindex-image> <\/div> <div class=\"ti-profile-img\"> <trustindex-image data-imgurl=\"https:\/\/lh3.googleusercontent.com\/a\/ACg8ocJ0og4vU_nWB1kclQKsF5VX4wtogGWmFxaHAEEn1pXfDLXSnQ=w40-h40-c-rp-mo-br100\" alt=\"Eric Pe\u00f1a profile picture\" loading=\"lazy\"><\/trustindex-image> <\/div> <div class=\"ti-profile-details\"> <div class=\"ti-name\"> Eric Pe\u00f1a <\/div> <div class=\"ti-date\"><\/div> <\/div> <\/div> <span class=\"ti-stars\"><trustindex-image class=\"ti-star\" data-imgurl=\"https:\/\/cdn.trustindex.io\/assets\/platform\/Google\/star\/f.svg\" alt=\"Google star 1\" width=\"17\" height=\"17\" loading=\"lazy\"><\/trustindex-image><trustindex-image class=\"ti-star\" data-imgurl=\"https:\/\/cdn.trustindex.io\/assets\/platform\/Google\/star\/f.svg\" alt=\"Google star 2\" width=\"17\" height=\"17\" loading=\"lazy\"><\/trustindex-image><trustindex-image class=\"ti-star\" data-imgurl=\"https:\/\/cdn.trustindex.io\/assets\/platform\/Google\/star\/f.svg\" alt=\"Google star 3\" width=\"17\" height=\"17\" loading=\"lazy\"><\/trustindex-image><trustindex-image class=\"ti-star\" data-imgurl=\"https:\/\/cdn.trustindex.io\/assets\/platform\/Google\/star\/f.svg\" alt=\"Google star 4\" width=\"17\" height=\"17\" loading=\"lazy\"><\/trustindex-image><trustindex-image class=\"ti-star\" data-imgurl=\"https:\/\/cdn.trustindex.io\/assets\/platform\/Google\/star\/f.svg\" alt=\"Google star 5\" width=\"17\" height=\"17\" loading=\"lazy\"><\/trustindex-image><span class=\"ti-verified-review ti-verified-platform\"><span class=\"ti-verified-tooltip\">Trustindex verifica que la fuente original de la rese\u00f1a sea Google.<\/span><\/span><\/span> <div class=\"ti-review-text-container ti-review-content\"><!-- R-CONTENT -->He anat ja tres vegades a aquest centre per fer-me el tractament d'Indiba Pro Max i no puc estar m\u00e9s satisfet. Des que entres per la porta el tracte \u00e9s de deu: l\u2019eva es una professional, atenta i et fan sentir cuidat en tot moment. Els resultats del tractament s\u00f3n incre\u00efbles i l'experi\u00e8ncia a la cabina \u00e9s s\u00faper relaxant. Es nota quan alg\u00fa gaudeix amb la seva feina. Totalment recomanable!\"<!-- R-CONTENT --><\/div> <span class=\"ti-read-more\" data-container=\".ti-review-content\" data-collapse-text=\"Ocultar\" data-open-text=\"Leer m\u00e1s\"><\/span> <\/div> <\/div>  <\/div> <div class=\"ti-controls-line\"> <div class=\"dot\"><\/div> <\/div> <\/div>    <\/div> <\/div> <\/template><\/pre><div data-src=\"https:\/\/cdn.trustindex.io\/loader.js?wp-widget\" data-template-id=\"trustindex-google-widget-html\" data-css-url=\"https:\/\/ezsoulcare.com\/wp-content\/uploads\/trustindex-google-widget.css?1787122634\"><\/div>[\/et_pb_code][\/et_pb_column][\/et_pb_row][\/et_pb_section]<\/p>\n","protected":false},"excerpt":{"rendered":"<p>Tratamientos FacialesEn Eva M\u00e1rquez Soulcare cuidamos tu piel con tratamientos faciales personalizados con efectos visibles desde el primer d\u00eda.Nuestros tratamientos faciales m\u00e1s demandadosHigiene Facial Eva M\u00e1rquezTratamiento que consiste en realizar una profunda limpieza de la piel mediante una extracci\u00f3n con esp\u00e1tula ultras\u00f3nica, una oxigenaci\u00f3n de vapor de ozono y un masaje relajante, finalizando con una [&hellip;]<\/p>\n","protected":false},"author":1,"featured_media":0,"parent":0,"menu_order":0,"comment_status":"closed","ping_status":"closed","template":"","meta":{"_et_pb_use_builder":"on","_et_pb_old_content":"","_et_gb_content_width":"","footnotes":""},"class_list":["post-266","page","type-page","status-publish","hentry"],"yoast_head":"<!-- This site is optimized with the Yoast SEO plugin v28.3 - https:\/\/yoast.com\/product\/yoast-seo-wordpress\/ -->\n<title>Tratamientos Faciales - Eva Marquez Soulcare<\/title>\n<meta name=\"description\" content=\"Tratamientos faciales como radiofrecuencia facial, higiene facial o peeling qu\u00edmico para el rejuvenecimiento de tu piel en la Seu d&#039;Urgell.\" \/>\n<meta name=\"robots\" content=\"index, follow, max-snippet:-1, max-image-preview:large, max-video-preview:-1\" \/>\n<link rel=\"canonical\" href=\"https:\/\/ezsoulcare.com\/ca\/tratamientos-faciales\/\" \/>\n<meta property=\"og:locale\" content=\"ca_ES\" \/>\n<meta property=\"og:type\" content=\"article\" \/>\n<meta property=\"og:title\" content=\"Tratamientos Faciales - Eva Marquez Soulcare\" \/>\n<meta property=\"og:description\" content=\"Tratamientos faciales como radiofrecuencia facial, higiene facial o peeling qu\u00edmico para el rejuvenecimiento de tu piel en la Seu d&#039;Urgell.\" \/>\n<meta property=\"og:url\" content=\"https:\/\/ezsoulcare.com\/ca\/tratamientos-faciales\/\" \/>\n<meta property=\"og:site_name\" content=\"Eva Marquez Soulcare\" \/>\n<meta property=\"article:publisher\" content=\"https:\/\/www.facebook.com\/p\/Eva-Mrquez-Soulcare-61564764401823\/?locale=es_LA\" \/>\n<meta property=\"article:modified_time\" content=\"2026-07-25T17:22:59+00:00\" \/>\n<meta name=\"twitter:card\" content=\"summary_large_image\" \/>\n<meta name=\"twitter:label1\" content=\"Temps estimat de lectura\" \/>\n\t<meta name=\"twitter:data1\" content=\"8 minuts\" \/>\n<script type=\"application\/ld+json\" class=\"yoast-schema-graph\">{\"@context\":\"https:\\\/\\\/schema.org\",\"@graph\":[{\"@type\":\"WebPage\",\"@id\":\"https:\\\/\\\/ezsoulcare.com\\\/tratamientos-faciales\\\/\",\"url\":\"https:\\\/\\\/ezsoulcare.com\\\/tratamientos-faciales\\\/\",\"name\":\"Tratamientos Faciales - Eva Marquez Soulcare\",\"isPartOf\":{\"@id\":\"https:\\\/\\\/ezsoulcare.com\\\/#website\"},\"datePublished\":\"2024-10-26T16:06:11+00:00\",\"dateModified\":\"2026-07-25T17:22:59+00:00\",\"description\":\"Tratamientos faciales como radiofrecuencia facial, higiene facial o peeling qu\u00edmico para el rejuvenecimiento de tu piel en la Seu d'Urgell.\",\"breadcrumb\":{\"@id\":\"https:\\\/\\\/ezsoulcare.com\\\/tratamientos-faciales\\\/#breadcrumb\"},\"inLanguage\":\"ca\",\"potentialAction\":[{\"@type\":\"ReadAction\",\"target\":[\"https:\\\/\\\/ezsoulcare.com\\\/tratamientos-faciales\\\/\"]}]},{\"@type\":\"BreadcrumbList\",\"@id\":\"https:\\\/\\\/ezsoulcare.com\\\/tratamientos-faciales\\\/#breadcrumb\",\"itemListElement\":[{\"@type\":\"ListItem\",\"position\":1,\"name\":\"Home\",\"item\":\"https:\\\/\\\/ezsoulcare.com\\\/\"},{\"@type\":\"ListItem\",\"position\":2,\"name\":\"Tratamientos Faciales\"}]},{\"@type\":\"WebSite\",\"@id\":\"https:\\\/\\\/ezsoulcare.com\\\/#website\",\"url\":\"https:\\\/\\\/ezsoulcare.com\\\/\",\"name\":\"Eva Marquez Soulcare\",\"description\":\"Centro de belleza y est\u00e9tica en La Seu d&#039;Urgell\",\"publisher\":{\"@id\":\"https:\\\/\\\/ezsoulcare.com\\\/#organization\"},\"potentialAction\":[{\"@type\":\"SearchAction\",\"target\":{\"@type\":\"EntryPoint\",\"urlTemplate\":\"https:\\\/\\\/ezsoulcare.com\\\/?s={search_term_string}\"},\"query-input\":{\"@type\":\"PropertyValueSpecification\",\"valueRequired\":true,\"valueName\":\"search_term_string\"}}],\"inLanguage\":\"ca\"},{\"@type\":\"Organization\",\"@id\":\"https:\\\/\\\/ezsoulcare.com\\\/#organization\",\"name\":\"Eva Marquez Soulcare\",\"url\":\"https:\\\/\\\/ezsoulcare.com\\\/\",\"logo\":{\"@type\":\"ImageObject\",\"inLanguage\":\"ca\",\"@id\":\"https:\\\/\\\/ezsoulcare.com\\\/#\\\/schema\\\/logo\\\/image\\\/\",\"url\":\"https:\\\/\\\/ezsoulcare.com\\\/wp-content\\\/uploads\\\/2025\\\/04\\\/cropped-favicon-ez-soulcare.png\",\"contentUrl\":\"https:\\\/\\\/ezsoulcare.com\\\/wp-content\\\/uploads\\\/2025\\\/04\\\/cropped-favicon-ez-soulcare.png\",\"width\":512,\"height\":512,\"caption\":\"Eva Marquez Soulcare\"},\"image\":{\"@id\":\"https:\\\/\\\/ezsoulcare.com\\\/#\\\/schema\\\/logo\\\/image\\\/\"},\"sameAs\":[\"https:\\\/\\\/www.facebook.com\\\/p\\\/Eva-Mrquez-Soulcare-61564764401823\\\/?locale=es_LA\",\"https:\\\/\\\/www.instagram.com\\\/evamarquezsoulcare\\\/\"]}]}<\/script>\n<!-- \/ Yoast SEO plugin. -->","yoast_head_json":{"title":"Tratamientos Faciales - Eva Marquez Soulcare","description":"Tratamientos faciales como radiofrecuencia facial, higiene facial o peeling qu\u00edmico para el rejuvenecimiento de tu piel en la Seu d'Urgell.","robots":{"index":"index","follow":"follow","max-snippet":"max-snippet:-1","max-image-preview":"max-image-preview:large","max-video-preview":"max-video-preview:-1"},"canonical":"https:\/\/ezsoulcare.com\/ca\/tratamientos-faciales\/","og_locale":"ca_ES","og_type":"article","og_title":"Tratamientos Faciales - Eva Marquez Soulcare","og_description":"Tratamientos faciales como radiofrecuencia facial, higiene facial o peeling qu\u00edmico para el rejuvenecimiento de tu piel en la Seu d'Urgell.","og_url":"https:\/\/ezsoulcare.com\/ca\/tratamientos-faciales\/","og_site_name":"Eva Marquez Soulcare","article_publisher":"https:\/\/www.facebook.com\/p\/Eva-Mrquez-Soulcare-61564764401823\/?locale=es_LA","article_modified_time":"2026-07-25T17:22:59+00:00","twitter_card":"summary_large_image","twitter_misc":{"Temps estimat de lectura":"8 minuts"},"schema":{"@context":"https:\/\/schema.org","@graph":[{"@type":"WebPage","@id":"https:\/\/ezsoulcare.com\/tratamientos-faciales\/","url":"https:\/\/ezsoulcare.com\/tratamientos-faciales\/","name":"Tratamientos Faciales - Eva Marquez Soulcare","isPartOf":{"@id":"https:\/\/ezsoulcare.com\/#website"},"datePublished":"2024-10-26T16:06:11+00:00","dateModified":"2026-07-25T17:22:59+00:00","description":"Tratamientos faciales como radiofrecuencia facial, higiene facial o peeling qu\u00edmico para el rejuvenecimiento de tu piel en la Seu d'Urgell.","breadcrumb":{"@id":"https:\/\/ezsoulcare.com\/tratamientos-faciales\/#breadcrumb"},"inLanguage":"ca","potentialAction":[{"@type":"ReadAction","target":["https:\/\/ezsoulcare.com\/tratamientos-faciales\/"]}]},{"@type":"BreadcrumbList","@id":"https:\/\/ezsoulcare.com\/tratamientos-faciales\/#breadcrumb","itemListElement":[{"@type":"ListItem","position":1,"name":"Home","item":"https:\/\/ezsoulcare.com\/"},{"@type":"ListItem","position":2,"name":"Tratamientos Faciales"}]},{"@type":"WebSite","@id":"https:\/\/ezsoulcare.com\/#website","url":"https:\/\/ezsoulcare.com\/","name":"Eva Marquez Soulcare","description":"Centro de belleza y est\u00e9tica en La Seu d&#039;Urgell","publisher":{"@id":"https:\/\/ezsoulcare.com\/#organization"},"potentialAction":[{"@type":"SearchAction","target":{"@type":"EntryPoint","urlTemplate":"https:\/\/ezsoulcare.com\/?s={search_term_string}"},"query-input":{"@type":"PropertyValueSpecification","valueRequired":true,"valueName":"search_term_string"}}],"inLanguage":"ca"},{"@type":"Organization","@id":"https:\/\/ezsoulcare.com\/#organization","name":"Eva Marquez Soulcare","url":"https:\/\/ezsoulcare.com\/","logo":{"@type":"ImageObject","inLanguage":"ca","@id":"https:\/\/ezsoulcare.com\/#\/schema\/logo\/image\/","url":"https:\/\/ezsoulcare.com\/wp-content\/uploads\/2025\/04\/cropped-favicon-ez-soulcare.png","contentUrl":"https:\/\/ezsoulcare.com\/wp-content\/uploads\/2025\/04\/cropped-favicon-ez-soulcare.png","width":512,"height":512,"caption":"Eva Marquez Soulcare"},"image":{"@id":"https:\/\/ezsoulcare.com\/#\/schema\/logo\/image\/"},"sameAs":["https:\/\/www.facebook.com\/p\/Eva-Mrquez-Soulcare-61564764401823\/?locale=es_LA","https:\/\/www.instagram.com\/evamarquezsoulcare\/"]}]}},"_links":{"self":[{"href":"https:\/\/ezsoulcare.com\/ca\/wp-json\/wp\/v2\/pages\/266","targetHints":{"allow":["GET"]}}],"collection":[{"href":"https:\/\/ezsoulcare.com\/ca\/wp-json\/wp\/v2\/pages"}],"about":[{"href":"https:\/\/ezsoulcare.com\/ca\/wp-json\/wp\/v2\/types\/page"}],"author":[{"embeddable":true,"href":"https:\/\/ezsoulcare.com\/ca\/wp-json\/wp\/v2\/users\/1"}],"replies":[{"embeddable":true,"href":"https:\/\/ezsoulcare.com\/ca\/wp-json\/wp\/v2\/comments?post=266"}],"version-history":[{"count":88,"href":"https:\/\/ezsoulcare.com\/ca\/wp-json\/wp\/v2\/pages\/266\/revisions"}],"predecessor-version":[{"id":987509616,"href":"https:\/\/ezsoulcare.com\/ca\/wp-json\/wp\/v2\/pages\/266\/revisions\/987509616"}],"wp:attachment":[{"href":"https:\/\/ezsoulcare.com\/ca\/wp-json\/wp\/v2\/media?parent=266"}],"curies":[{"name":"wp","href":"https:\/\/api.w.org\/{rel}","templated":true}]}}